{"id":4002,"date":"2019-01-30T09:12:53","date_gmt":"2019-01-30T08:12:53","guid":{"rendered":"http:\/\/filharmoniapoznanska.pl\/philharmonic\/klub-przyjaciol-filharmonii-poznanskiej\/"},"modified":"2026-03-30T17:31:04","modified_gmt":"2026-03-30T15:31:04","slug":"philharmonic-friends-club","status":"publish","type":"page","link":"https:\/\/filharmoniapoznanska.pl\/en\/philharmonic\/philharmonic-friends-club\/","title":{"rendered":"philharmonic friends&#8217; club"},"content":{"rendered":"<div id=\"pl-4002\"  class=\"panel-layout\" ><div id=\"pg-4002-0\"  class=\"panel-grid panel-no-style\" ><div id=\"pgc-4002-0-0\"  class=\"panel-grid-cell\" ><div id=\"panel-4002-0-0-0\" class=\"so-panel widget widget_sow-editor panel-first-child\" data-index=\"0\" ><div\n\t\t\t\n\t\t\tclass=\"so-widget-sow-editor so-widget-sow-editor-base\"\n\t\t\t\n\t\t>\n<div class=\"siteorigin-widget-tinymce textwidget\">\n\t<p>The objective of the Pozna\u0144 Philharmonic Friends\u2019 Club is to gather people who are sensitive to the beauty of art, music in particular, who are ready to support the artistic aspirations of the Pozna\u0144 Philharmonic with their advice, heart, as well as regular participation in concerts and meetings with authors and artists.<\/p>\n<p>Each club member is given the right to:<\/p>\n<ul>\n<li>receive 2 concessionary tickets to one selected concert per season (does not concern extraordinary and special concerts); One should notify the Pozna\u0144 Philharmonic about his\/her attendance at a selected concert by phone (+48 61 853 69 35 or +48 660 405 813) on October 31, 2025 at the latest.<\/li>\n<li>participate in special meetings with artists and guests of the Pozna\u0144 Philharmonic, as well as trips and meetings organized by the club<\/li>\n<li>participate in selected orchestra rehearsals which members will be informed about<\/li>\n<li>appear \u2013 with the consent of a club\u2019s member \u2013 on the list of members of the Pozna\u0144 Philharmonic Friends\u2019 Club in concert programmes and on the website of the Pozna\u0144 Philharmonic<\/li>\n<\/ul>\n<p>Those who would like to support the activity of the Pozna\u0144 Philharmonic with a voluntary donation at the min. amount of 200 PLN this season are kindly asked to complete an application:<\/p>\n<ul>\n<li>at the Pozna\u0144 Philharmonic\u2019s headquarters 80\/82 \u015aw. Marcin St., 61-809 Pozna\u0144 - secretariat room no. 206<\/li>\n<li>at the Box Office, 1 Wieniawskiego St.<\/li>\n<li>at the Pozna\u0144 Philharmonic stand at University Hall prior to a concert or during its interval<\/li>\n<li>via e-mail sent to <a href=\"mailto:kminkiewicz@filharmoniapoznanska.pl\" target=\"_blank\" rel=\"noopener\">kminkiewicz@filharmoniapoznanska.pl<\/a><\/li>\n<\/ul>\n<p>After receiving your application, we will contact you in order to complete all the formalities.<\/p>\n<p>The club is open to new members and everyone who find music and philharmonic concerts close to heart are welcome to join.<\/p>\n<\/div>\n<\/div><\/div><div id=\"panel-4002-0-0-1\" class=\"so-panel widget widget_ozimas-separator-widget panel-last-child\" data-index=\"1\" ><div\n\t\t\t\n\t\t\tclass=\"so-widget-ozimas-separator-widget so-widget-ozimas-separator-widget-style-d75171398898-4002\"\n\t\t\t\n\t\t>\r\n<div class=\"ozimas__separator \" \r\n\tstyle=\"\r\n\t\tbackground-color: #cccccc; \r\n\t\twidth: 100%; \r\n\t\theight: 1px; \r\n\t\tmargin-top: 0;\r\n\t\tmargin-bottom: 0;\r\n\t\tmargin-right: auto;\r\n\t\tmargin-left: auto;\r\n\t\t\"><\/div>\r\n<\/div><\/div><\/div><\/div><div id=\"pg-4002-1\"  class=\"panel-grid panel-no-style\" ><div id=\"pgc-4002-1-0\"  class=\"panel-grid-cell\" ><div id=\"panel-4002-1-0-0\" class=\"so-panel widget widget_sow-editor panel-first-child\" data-index=\"2\" ><div class=\"button__friends panel-widget-style panel-widget-style-for-4002-1-0-0\" id=\"button__friends2025\" ><div\n\t\t\t\n\t\t\tclass=\"so-widget-sow-editor so-widget-sow-editor-base\"\n\t\t\t\n\t\t>\n<div class=\"siteorigin-widget-tinymce textwidget\">\n\t<p>POZNAN PHILHARMONIC FRIENDS' CLUB - <span style=\"color: #9d000e;\"><strong>Season 2025\/2026 more &gt;<\/strong><\/span><\/p>\n<\/div>\n<\/div><\/div><\/div><div id=\"panel-4002-1-0-1\" class=\"so-panel widget widget_siteorigin-panels-builder panel-last-child\" data-index=\"3\" ><div id=\"text-button__friends2025\" class=\"panel-widget-style panel-widget-style-for-4002-1-0-1\" ><div id=\"pl-w69ca97382c427\"  class=\"panel-layout\" ><div id=\"pg-w69ca97382c427-0\"  class=\"panel-grid panel-no-style\" ><div id=\"pgc-w69ca97382c427-0-0\"  class=\"panel-grid-cell\" ><div id=\"panel-w69ca97382c427-0-0-0\" class=\"so-panel widget widget_sow-editor panel-first-child panel-last-child\" data-index=\"0\" ><div\n\t\t\t\n\t\t\tclass=\"so-widget-sow-editor so-widget-sow-editor-base\"\n\t\t\t\n\t\t>\n<div class=\"siteorigin-widget-tinymce textwidget\">\n\t<ol>\n<li>Jadwiga Alexiewicz<\/li>\n<li>Wac\u0142awa Andrzejak<\/li>\n<li>Izabela Andrzejewska<\/li>\n<li>Krystyna Andrzejewska<\/li>\n<li>Urszula Bak<\/li>\n<li>Maryla Bachmi\u0144ska<\/li>\n<li>Janusz Bachmi\u0144ski<\/li>\n<li>Bogumi\u0142 Bard<\/li>\n<li>Ewa Baszkowska<\/li>\n<li>Aniceta Bednarz<\/li>\n<li>Krystyna Berezowska- Apolinarska<\/li>\n<li>Leopold Berkowski<\/li>\n<li>Ewa Borowicz<\/li>\n<li>Anna Bojanowska- Juste<\/li>\n<li>Ma\u0142gorzata Buchert<\/li>\n<li>Alicja Cieciora<\/li>\n<li>Maciej Cieciora<\/li>\n<li>Joanna Cybulska-Augustyniak<\/li>\n<li>Magdalena Dobrzaniecka<\/li>\n<li>Krystyna Dudzi\u0144ska<\/li>\n<li>Lechos\u0142aw Dworak<\/li>\n<li>Katarzyna Dylewicz<\/li>\n<li>Piotr Dylewicz<\/li>\n<li>Ewa Flieger<\/li>\n<li>Maria Fortuniak<\/li>\n<li>Zbigniew Fortuniak<\/li>\n<li>Aldona Francis<\/li>\n<li>John Francis<\/li>\n<li>Ewa Gawrecka<\/li>\n<li>Roman Gawrecki<\/li>\n<li>Gra\u017cyna Gorynia<\/li>\n<li>Marian Gorynia<\/li>\n<li>Gabriela Gorzan<\/li>\n<li>El\u017cbieta Gozimirska- Steca<\/li>\n<li>Dominik G\u00f3rny<\/li>\n<li>Maria Grabkowska<\/li>\n<li>Tatiana Gregorowicz<\/li>\n<li>Janusz Gregorowicz<\/li>\n<li>Halina Ho\u0142oga<\/li>\n<li>Halina Jacyna- Onyszkiewicz<\/li>\n<li>Eleonora Janas<\/li>\n<li>Dorota Janik<\/li>\n<li>Eugeniusz Jarosik<\/li>\n<li>Ewelina Ja\u015bkowiak<\/li>\n<li>Andrzej Jazdon<\/li>\n<li>Lidia Jazdon<\/li>\n<li>Marcin J\u00f3\u017awiak<\/li>\n<li>Joanna D\u0142ugosz-J\u00f3\u017awiak<\/li>\n<li>Ma\u0142gorzata Kaczmarek-Kanold<\/li>\n<li>Gertruda Kado-Cichoracka<\/li>\n<li>Bogumi\u0142a Kaniewska<\/li>\n<li>Anna Kapturska<\/li>\n<li>Przemys\u0142aw Kapturski<\/li>\n<li>Ilona Kalfas<\/li>\n<li>Dorota Kinal<\/li>\n<li>Dariusz Kinal<\/li>\n<li>Jolanta K\u0142usek<\/li>\n<li>Iwona Kompf<\/li>\n<li>Aleksander Kompf<\/li>\n<li>Aleksandra Kornacka<\/li>\n<li>Maria Kostka-Wach<\/li>\n<li>Andrzej Krajewski<\/li>\n<li>Sylwia Krzemieniewska<\/li>\n<li>El\u017cbieta Krzewi\u0144ska<\/li>\n<li>Gra\u017cyna Krzyminiewska<\/li>\n<li>Urszula Lesicka<\/li>\n<li>Andrzej Lesicki<\/li>\n<li>Arleta Lewi\u0144ska<\/li>\n<li>Barbara Lisiecka<\/li>\n<li>Ma\u0142gorzata Ludzkowska<\/li>\n<li>Katarzyna \u0141\u0105cka<\/li>\n<li>Jacek Machowina<\/li>\n<li>Jerzy Majchrzak<\/li>\n<li>Lucyna Malska<\/li>\n<li>Maria Ma\u0144kowska<\/li>\n<li>Andrzej Ma\u0144kowski<\/li>\n<li>Hubert Marciniak<\/li>\n<li>Izabela Marciniak<\/li>\n<li>Gra\u017cyna Masady\u0144ska<\/li>\n<li>Leszek Masady\u0144ski<\/li>\n<li>Katarzyna M\u0119czy\u0144ska<\/li>\n<\/ol>\n<\/div>\n<\/div><\/div><\/div><div id=\"pgc-w69ca97382c427-0-1\"  class=\"panel-grid-cell\" ><div id=\"panel-w69ca97382c427-0-1-0\" class=\"so-panel widget widget_sow-editor panel-first-child panel-last-child\" data-index=\"1\" ><div class=\"panel-widget-style panel-widget-style-for-w69ca97382c427-0-1-0\" ><div\n\t\t\t\n\t\t\tclass=\"so-widget-sow-editor so-widget-sow-editor-base\"\n\t\t\t\n\t\t>\n<div class=\"siteorigin-widget-tinymce textwidget\">\n\t<ol start=\"82\">\n<li>Gra\u017cyna Misiorny<\/li>\n<li>Jan Misiorny<\/li>\n<li>Renata Mizeraczyk<\/li>\n<li>Lidia Nowak<\/li>\n<li>Monika Stachurska Olejnik<\/li>\n<li>Przemys\u0142aw Olejnik<\/li>\n<li>Adam Onyszkiewicz<\/li>\n<li>Iwona Paw\u0142owicz<\/li>\n<li>Dorota Paw\u0142owska<\/li>\n<li>Wojciech Paw\u0142owski<\/li>\n<li>Barbara Pietz-Machowina<\/li>\n<li>Urszula Pi\u0119tka<\/li>\n<li>Maria Plackowska<\/li>\n<li>Danuta Plackowska<\/li>\n<li>\n<div dir=\"auto\">Krystyna Pokorska<\/div>\n<\/li>\n<li>\n<div dir=\"auto\">Kazimierz Pokorski<\/div>\n<\/li>\n<li>Jolanta Pop\u0142awska<\/li>\n<li>Bo\u017cena Popowska<\/li>\n<li>Krzysztof Powa\u0142owski<\/li>\n<li>Ewa Przydro\u017cna<\/li>\n<li>El\u017cbieta Raczek<\/li>\n<li>Krzysztof Raczek<\/li>\n<li>Krystyna Raczkowska<\/li>\n<li>Hanna Rafi\u0144ska- Riedel<\/li>\n<li>Reinhard Riedel<\/li>\n<li>Pawe\u0142 Ratajczak<\/li>\n<li>Barbara Rodziewicz-Pospiech<\/li>\n<li>Grzegorz Romanowski<\/li>\n<li>Monika Sikorska<\/li>\n<li>Karol Sikorski<\/li>\n<li>Barbara Skrzypczak<\/li>\n<li>Czes\u0142awa Schatte<\/li>\n<li>Christoph Schatte<\/li>\n<li>Ewa Sieradzka<\/li>\n<li>Krzysztof Sieradzki<\/li>\n<li>Danuta Silska<\/li>\n<li>Jacek Silski<\/li>\n<li>Aldona Siwi\u0144ska<\/li>\n<li>Dariusz Siwi\u0144ski<\/li>\n<li>Aleksandra Soba\u0144ska<\/li>\n<li>Anna So\u0142tysi\u0144ska<\/li>\n<li>Anna Songaj\u0142o<\/li>\n<li>Jacek Stefaniak<\/li>\n<li>Miros\u0142awa Stryjska<\/li>\n<li>Wies\u0142awa Szczygie\u0142-Kusowska<\/li>\n<li>Jolanta Szkopek<\/li>\n<li>Irena Szalaty<\/li>\n<li>Grzegorz Szalaty<\/li>\n<li>Piotr Szarski<\/li>\n<li>Barbara \u015awi\u0105tek<\/li>\n<li>Remigiusz \u015awi\u0105tek<\/li>\n<li>Krystyna \u015awi\u0119cicka<\/li>\n<li>Henryk \u015awi\u0119cicki<\/li>\n<li>Jacek \u015awitaj<\/li>\n<li>Marlena Tadzik<\/li>\n<li>Aleksandra Toczko<\/li>\n<li>Przemys\u0142aw Trawa<\/li>\n<li>Bo\u017cena Urbaniak<\/li>\n<li>Maria Wagi\u0144ska-Marzec<\/li>\n<li>Katarzyna Witkowiak<\/li>\n<li>Renata Witkowiak<\/li>\n<li>Barbara Wnuk<\/li>\n<li>Edwin Wnuk<\/li>\n<li>Ewa Wolniewicz-Bard<\/li>\n<li>El\u017cbieta Wro\u0144ska<\/li>\n<li>Sylwia Zapalska<\/li>\n<li>Maria Ziembi\u0144ska<\/li>\n<li>Witold Zygu\u0142a<\/li>\n<\/ol>\n<\/div>\n<\/div><\/div><\/div><\/div><\/div><\/div><\/div><\/div><\/div><\/div><div id=\"pg-4002-2\"  class=\"panel-grid panel-no-style\" ><div id=\"pgc-4002-2-0\"  class=\"panel-grid-cell\" ><div id=\"panel-4002-2-0-0\" class=\"so-panel widget widget_sow-editor panel-first-child\" data-index=\"4\" ><div class=\"button__friends panel-widget-style panel-widget-style-for-4002-2-0-0\" id=\"button__friends2024\" ><div\n\t\t\t\n\t\t\tclass=\"so-widget-sow-editor so-widget-sow-editor-base\"\n\t\t\t\n\t\t>\n<div class=\"siteorigin-widget-tinymce textwidget\">\n\t<p>POZNAN PHILHARMONIC FRIENDS' CLUB - <span style=\"color: #9d000e;\"><strong>Season 2024\/2025 more &gt;<\/strong><\/span><\/p>\n<\/div>\n<\/div><\/div><\/div><div id=\"panel-4002-2-0-1\" class=\"so-panel widget widget_siteorigin-panels-builder panel-last-child\" data-index=\"5\" ><div id=\"text-button__friends2024\" class=\"panel-widget-style panel-widget-style-for-4002-2-0-1\" ><div id=\"pl-wfxdw1zx1w1m\"  class=\"panel-layout\" ><div id=\"pg-wfxdw1zx1w1m-0\"  class=\"panel-grid panel-no-style\" ><div id=\"pgc-wfxdw1zx1w1m-0-0\"  class=\"panel-grid-cell\" ><div id=\"panel-wfxdw1zx1w1m-0-0-0\" class=\"so-panel widget widget_sow-editor panel-first-child panel-last-child\" data-index=\"0\" ><div\n\t\t\t\n\t\t\tclass=\"so-widget-sow-editor so-widget-sow-editor-base\"\n\t\t\t\n\t\t>\n<div class=\"siteorigin-widget-tinymce textwidget\">\n\t<ol>\n<li>Jadwiga Alexiewicz<\/li>\n<li>Izabela Andrzejewska<\/li>\n<li>Krystyna Andrzejewska<\/li>\n<li>Maryla Bachmi\u0144ska<\/li>\n<li>Janusz Bachmi\u0144ski<\/li>\n<li>Urszula Bak<\/li>\n<li>Ewa Baszkowska<\/li>\n<li>Aniceta Bednarz<\/li>\n<li>Krystyna Berezowska-Apolinarska<\/li>\n<li>Leopold Berkowski<\/li>\n<li>Anna Bojanowska-Juste<\/li>\n<li>Alina Cieciora<\/li>\n<li>Maciej Cieciora<\/li>\n<li>Magdalena Dobrzaniecka<\/li>\n<li>Lechos\u0142aw Dworak<\/li>\n<li>Katarzyna Dylewicz<\/li>\n<li>Piotr Dylewicz<\/li>\n<li>Regina Franaszek<\/li>\n<li>Ewa Gawrecka<\/li>\n<li>Roman Gawrecki<\/li>\n<li>Maria Grabkowska<\/li>\n<li>Gra\u017cyna Gorynia<\/li>\n<li>Marian Gorynia<\/li>\n<li>Dominik G\u00f3rny<\/li>\n<li>Janusz Gregorowicz<\/li>\n<li>Tatiana Gregorowicz<\/li>\n<li>Halina Ho\u0142oga<\/li>\n<li>Halina Jacyna-Onyszkiewicz<\/li>\n<li>Dorota Janik<\/li>\n<li>Eugeniusz Jarosik<\/li>\n<li>Andrzej Jazdon<\/li>\n<li>Lidia Jazdon<\/li>\n<li>Joanna D\u0142ugosz-J\u00f3\u017awiak<\/li>\n<li>Marcin J\u00f3\u017awiak<\/li>\n<li>Ma\u0142gorzata Kaczmarek-Kanold<\/li>\n<li>Ilona Kalfas<\/li>\n<li>Bogumi\u0142a Kaniewska<\/li>\n<li>Anna Kapturska<\/li>\n<li>Przemys\u0142aw Kapturski<\/li>\n<li>Dariusz Kinal<\/li>\n<li>Dorota Kinal<\/li>\n<li>Jolanta K\u0142usek<\/li>\n<li>Iwona Kompf<\/li>\n<li>Aleksander Kompf<\/li>\n<li>Aleksandra Kornacka<\/li>\n<li>Wojciech Kornacki<\/li>\n<li>Maria Kostka-Wach<\/li>\n<li>Andrzej Krajewski<\/li>\n<li>Sylwia Krzemieniewska<\/li>\n<li>El\u017cbieta Krzewi\u0144ska<\/li>\n<li>Gra\u017cyna Krzyminiewska<\/li>\n<li>Ewa Krzy\u017cag\u00f3rska<\/li>\n<li>Piotr Krzy\u017cag\u00f3rski<\/li>\n<li>Danuta Kurzawska<\/li>\n<li>Karol Kurzawski<\/li>\n<li>Urszula Lesicka<\/li>\n<li>Andrzej Lesicki<\/li>\n<li>Barbara Lisiecka<\/li>\n<li>Ma\u0142gorzata Ludzkowska<\/li>\n<li>Katarzyna \u0141\u0105cka<\/li>\n<li>Alina Mackiewicz<\/li>\n<li>Artur Mackiewicz<\/li>\n<li>Jerzy Majchrzak<\/li>\n<li>Andrzej Ma\u0144kowski<\/li>\n<li>Maria Ma\u0144kowska<\/li>\n<li>Maria Wagi\u0144ska Marzec<\/li>\n<li>Gra\u017cyna Misiorny<\/li>\n<li>Jan Misiorny<\/li>\n<li>Renata Mizeraczyk<\/li>\n<li>Dorota M\u0142odziejowska<\/li>\n<li>Krzysztof M\u0142ynarczyk<\/li>\n<li>Renata M\u0142ynarczyk<\/li>\n<li>Lidia Nowak<\/li>\n<li>Przemys\u0142aw Olejnik<\/li>\n<\/ol>\n<\/div>\n<\/div><\/div><\/div><div id=\"pgc-wfxdw1zx1w1m-0-1\"  class=\"panel-grid-cell\" ><div id=\"panel-wfxdw1zx1w1m-0-1-0\" class=\"so-panel widget widget_sow-editor panel-first-child panel-last-child\" data-index=\"1\" ><div class=\"panel-widget-style panel-widget-style-for-wfxdw1zx1w1m-0-1-0\" ><div\n\t\t\t\n\t\t\tclass=\"so-widget-sow-editor so-widget-sow-editor-base\"\n\t\t\t\n\t\t>\n<div class=\"siteorigin-widget-tinymce textwidget\">\n\t<ol start=\"75\">\n<li>Dorota Paw\u0142owska<\/li>\n<li>Wojciech Paw\u0142owski<\/li>\n<li>Danuta Plackowska<\/li>\n<li>Maria Plackowska<\/li>\n<li>\n<div dir=\"auto\">Krystyna Pokorska<\/div>\n<\/li>\n<li>\n<div dir=\"auto\">Kazimierz Pokorski<\/div>\n<\/li>\n<li>Wanda Po\u0142czy\u0144ska<\/li>\n<li>Bo\u017cena Popowska<\/li>\n<li>Krzysztof Powa\u0142owski<\/li>\n<li>Danuta Pryl-Silska<\/li>\n<li>Maria Przychodzka<\/li>\n<li>Ewa Przydr\u00f3\u017cna<\/li>\n<li>El\u017cbieta Raczek<\/li>\n<li>Krzysztof Raczek<\/li>\n<li>Krystyna Raczkowska<\/li>\n<li>Hanna Rafi\u0144ska-Riedel<\/li>\n<li>Pawe\u0142 Ratajczak<\/li>\n<li>Reinhard Riedel<\/li>\n<li>Maria Rudawska<\/li>\n<li>Christoph Schatte<\/li>\n<li>Czes\u0142awa Schatte<\/li>\n<li>Ewa Sieradzka<\/li>\n<li>Krzysztof Sieradzki<\/li>\n<li>Monika Sikorska<\/li>\n<li>Karol Sikorski<\/li>\n<li>Jacek Silski<\/li>\n<li>Aldona Siwi\u0144ska<\/li>\n<li>Dariusz Siwi\u0144ski<\/li>\n<li>Aleksandra Soba\u0144ska<\/li>\n<li>Anna So\u0142tysi\u0144ska<\/li>\n<li>Monika Stachurska Olejnik<\/li>\n<li>Jacek Stefaniak<\/li>\n<li>Miros\u0142awa Stryjska<\/li>\n<li>\n<div dir=\"auto\">Irena Szalaty<\/div>\n<\/li>\n<li>\n<div dir=\"auto\">Grzegorz Szalaty<\/div>\n<\/li>\n<li>Piotr Szarski<\/li>\n<li>Wies\u0142awa Szczygie\u0142 Kusowska<\/li>\n<li>Ewa Szulczewska<\/li>\n<li>Szymon Szulczewski<\/li>\n<li>Irena Szyma\u0144ska<\/li>\n<li>Barbara \u015awi\u0105tek<\/li>\n<li>Remigiusz \u015awi\u0105tek<\/li>\n<li>Anna \u015awiderska<\/li>\n<li>Krystyna \u015awi\u0119cicka<\/li>\n<li>Henryk \u015awi\u0119cicki<\/li>\n<li>Marlena Tadzik<\/li>\n<li>Aleksandra Toczko<\/li>\n<li>Halina Trawa<\/li>\n<li>Przemys\u0142aw Trawa<\/li>\n<li>Bo\u017cena Urbaniak<\/li>\n<li>Barbara Wnuk<\/li>\n<li>Edwin Wnuk<\/li>\n<li>El\u017cbieta Wro\u0144ska<\/li>\n<li>Maria Ziembi\u0144ska<\/li>\n<\/ol>\n<\/div>\n<\/div><\/div><\/div><\/div><\/div><\/div><\/div><\/div><\/div><\/div><div id=\"pg-4002-3\"  class=\"panel-grid panel-no-style\" ><div id=\"pgc-4002-3-0\"  class=\"panel-grid-cell\" ><div id=\"panel-4002-3-0-0\" class=\"so-panel widget widget_sow-editor panel-first-child\" data-index=\"6\" ><div class=\"button__friends panel-widget-style panel-widget-style-for-4002-3-0-0\" id=\"button__friends2023\" ><div\n\t\t\t\n\t\t\tclass=\"so-widget-sow-editor so-widget-sow-editor-base\"\n\t\t\t\n\t\t>\n<div class=\"siteorigin-widget-tinymce textwidget\">\n\t<p>POZNAN PHILHARMONIC FRIENDS' CLUB - <span style=\"color: #9d000e;\"><strong>Season 2023\/2024 more &gt;<\/strong><\/span><\/p>\n<\/div>\n<\/div><\/div><\/div><div id=\"panel-4002-3-0-1\" class=\"so-panel widget widget_siteorigin-panels-builder panel-last-child\" data-index=\"7\" ><div id=\"text-button__friends2023\" class=\"panel-widget-style panel-widget-style-for-4002-3-0-1\" ><div id=\"pl-w67091704ab552\"  class=\"panel-layout\" ><div id=\"pg-w67091704ab552-0\"  class=\"panel-grid panel-no-style\" ><div id=\"pgc-w67091704ab552-0-0\"  class=\"panel-grid-cell\" ><div id=\"panel-w67091704ab552-0-0-0\" class=\"so-panel widget widget_sow-editor panel-first-child panel-last-child\" data-index=\"0\" ><div\n\t\t\t\n\t\t\tclass=\"so-widget-sow-editor so-widget-sow-editor-base\"\n\t\t\t\n\t\t>\n<div class=\"siteorigin-widget-tinymce textwidget\">\n\t<ol>\n<li>Beata Adamska<\/li>\n<li>Jadwiga Alexiewicz<\/li>\n<li>Wac\u0142awa Andrzejak<\/li>\n<li>Izabela Andrzejewska<\/li>\n<li>Krystyna Andrzejewska<\/li>\n<li>Urszula Bak<\/li>\n<li>Bogumi\u0142 Bard<\/li>\n<li>Maria Bachmi\u0144ska<\/li>\n<li>Janusz Bachmi\u0144ski<\/li>\n<li>Ewa Baszkowska<\/li>\n<li>Aniceta Bednarz<\/li>\n<li>Krystyna Berezowska-Apolinarska<\/li>\n<li>Leopold Berkowski<\/li>\n<li>Andrzej Bie\u0144kowski<\/li>\n<li>Ewa Bobrowicz<\/li>\n<li>Anna Borowicz<\/li>\n<li>Alina Cieciora<\/li>\n<li>Maciej Cieciora<\/li>\n<li>Magdalena Dobrzaniecka<\/li>\n<li>Ewa Durasiewicz<\/li>\n<li>Lechos\u0142aw Dworak<\/li>\n<li>Karol Dzia\u0142oszy\u0144ski<\/li>\n<li>Renata Franaszek<\/li>\n<li>Ewa Gawrecka<\/li>\n<li>Roman Gawrecki<\/li>\n<li>Magdalena G\u0142ogowska<\/li>\n<li>El\u017cbieta Godzimirska-Steca<\/li>\n<li>Gra\u017cyna Gorynia<\/li>\n<li>Marian Gorynia<\/li>\n<li>Dominik G\u00f3rny<\/li>\n<li>Maria Grabkowska<\/li>\n<li>Tatiana Gregorowicz<\/li>\n<li>Janusz Gregorowicz<\/li>\n<li>Halina Ho\u0142oga<\/li>\n<li>Halina Jacyna-Onyszkiewicz<\/li>\n<li>Jerzy Jankowski<\/li>\n<li>Eugeniusz Jarosik<\/li>\n<li>Hanna Kaczmarek-Kanold<\/li>\n<li>Ilona Kalfas<\/li>\n<li>Bogumi\u0142a Kaniewska<\/li>\n<li>Dariusz Kinal<\/li>\n<li>Dorota Kinal<\/li>\n<li>Joanna K\u0142usek<\/li>\n<li>Aleksander Kompf<\/li>\n<li>Iwona Kompf<\/li>\n<li>Aleksandra Kornacka<\/li>\n<li>Wojciech Kornacki<\/li>\n<li>Andrzej Krajewski<\/li>\n<li>Sylwia Krzemieniewska<\/li>\n<li>El\u017cbieta Krzewi\u0144ska<\/li>\n<li>Gra\u017cyna Krzyminiewska<\/li>\n<li>Mieczys\u0142aw Lema\u0144ski<\/li>\n<li>Danuta Lenart-Jankowska<\/li>\n<li>Urszula Lesicka<\/li>\n<li>Andrzej Lesicki<\/li>\n<li>Barbara Lisiecka<\/li>\n<li>Ma\u0142gorzata Ludzkowska<\/li>\n<li>Katarzyna \u0141\u0105cka<\/li>\n<li>Jacek Machowina<\/li>\n<li>Alina Mackiewicz<\/li>\n<li>Artur Mackiewicz<\/li>\n<li>Lucyna Malska<\/li>\n<li>Andrzej Ma\u0144kowski<\/li>\n<li>Maria Ma\u0144kowska<\/li>\n<li>Gra\u017cyna Misiorny<\/li>\n<li>Jan Misiorny<\/li>\n<li>Renata Mizeraczyk<\/li>\n<li>Krzysztof M\u0142ynarczyk<\/li>\n<li>Renata M\u0142ynarczyk<\/li>\n<li>Lidia Nowak<\/li>\n<li>Przemys\u0142aw Olejnik<\/li>\n<\/ol>\n<\/div>\n<\/div><\/div><\/div><div id=\"pgc-w67091704ab552-0-1\"  class=\"panel-grid-cell\" ><div id=\"panel-w67091704ab552-0-1-0\" class=\"so-panel widget widget_sow-editor panel-first-child panel-last-child\" data-index=\"1\" ><div class=\"panel-widget-style panel-widget-style-for-w67091704ab552-0-1-0\" ><div\n\t\t\t\n\t\t\tclass=\"so-widget-sow-editor so-widget-sow-editor-base\"\n\t\t\t\n\t\t>\n<div class=\"siteorigin-widget-tinymce textwidget\">\n\t<ol start=\"72\">\n<li>Adam Onyszkiewicz<\/li>\n<li>Leszek Pacholski<\/li>\n<li>Dorota Paw\u0142owska<\/li>\n<li>Wojciech Paw\u0142owski<\/li>\n<li>Danuta Plackowska<\/li>\n<li>Maria Plackowska<\/li>\n<li>Krystyna Pokorska<\/li>\n<li>Kazimierz Pokorski<\/li>\n<li>Bo\u017cena Popowska<\/li>\n<li>Krzysztof Powa\u0142owski<\/li>\n<li>Danuta Pryl-Silska<\/li>\n<li>Maria Przychodzka<\/li>\n<li>Ewa Przydr\u00f3\u017cna<\/li>\n<li>El\u017cbieta Raczek<\/li>\n<li>Krzysztof Raczek<\/li>\n<li>Krystyna Raczkowska<\/li>\n<li>Hanna Rafi\u0144ska-Riedel<\/li>\n<li>Pawe\u0142 Ratajczak<\/li>\n<li>Ma\u0142gorzata Rezler<\/li>\n<li>Marek Rezler<\/li>\n<li>Reinhard Riedel<\/li>\n<li>Christoph Schatte<\/li>\n<li>Czes\u0142awa Schatte<\/li>\n<li>Ewa Sieradzka<\/li>\n<li>Krzysztof Sieradzki<\/li>\n<li>Jacek Silski<\/li>\n<li>Aldona Siwi\u0144ska<\/li>\n<li>Dariusz Siwi\u0144ski<\/li>\n<li>Anna So\u0142tysi\u0144ska<\/li>\n<li>Beata Sowi\u0144ska<\/li>\n<li>Jerzy Sowi\u0144ski<\/li>\n<li>Monika Stachurska Olejnik<\/li>\n<li>Jacek Stefaniak<\/li>\n<li>Artur Stelmach<\/li>\n<li>Miros\u0142awa Stryjska<\/li>\n<li>Hanna Suchocka<\/li>\n<li>Grzegorz Szalaty<\/li>\n<li>Irena Szalaty<\/li>\n<li>Piotr Szarski<\/li>\n<li>Wies\u0142awa Szczygie\u0142-Kusowska<\/li>\n<li>Irena Szyma\u0144ska<\/li>\n<li>Barbara \u015awi\u0105tek<\/li>\n<li>Remigiusz \u015awi\u0105tek<\/li>\n<li>Anna \u015awiderska<\/li>\n<li>Krystyna \u015awi\u0119cicka<\/li>\n<li>Henryk \u015awi\u0119cicki<\/li>\n<li>Marlena Tadzik<\/li>\n<li>Maria Wagi\u0144ska-Marzec<\/li>\n<li>Lucyna Wierzbicka<\/li>\n<li>Tomasz Wierzbicki<\/li>\n<li>Izabela Wilk-Lema\u0144ska<\/li>\n<li>Barbara Wnuk<\/li>\n<li>Edwin Wnuk<\/li>\n<li>Ewa Wolniewicz-Bard<\/li>\n<li>El\u017cbieta Wro\u0144ska<\/li>\n<li>Pawe\u0142 Zi\u0119tek<\/li>\n<li>Maria Ziembi\u0144ska<\/li>\n<li>Witold Zygu\u0142a<\/li>\n<li>Stanis\u0142aw \u017b\u00f3\u0142towski<\/li>\n<\/ol>\n<\/div>\n<\/div><\/div><\/div><\/div><\/div><\/div><\/div><\/div><\/div><\/div><div id=\"pg-4002-4\"  class=\"panel-grid panel-no-style\" ><div id=\"pgc-4002-4-0\"  class=\"panel-grid-cell\" ><div id=\"panel-4002-4-0-0\" class=\"so-panel widget widget_sow-editor panel-first-child\" data-index=\"8\" ><div class=\"button__friends panel-widget-style panel-widget-style-for-4002-4-0-0\" id=\"button__friends2022\" ><div\n\t\t\t\n\t\t\tclass=\"so-widget-sow-editor so-widget-sow-editor-base\"\n\t\t\t\n\t\t>\n<div class=\"siteorigin-widget-tinymce textwidget\">\n\t<p>POZNAN PHILHARMONIC FRIENDS' CLUB - <span style=\"color: #9d000e;\"><strong>Season 2022\/2023 more &gt;<\/strong><\/span><\/p>\n<\/div>\n<\/div><\/div><\/div><div id=\"panel-4002-4-0-1\" class=\"so-panel widget widget_siteorigin-panels-builder panel-last-child\" data-index=\"9\" ><div id=\"text-button__friends2022\" class=\"panel-widget-style panel-widget-style-for-4002-4-0-1\" ><div id=\"pl-w67091704ac86d\"  class=\"panel-layout\" ><div id=\"pg-w67091704ac86d-0\"  class=\"panel-grid panel-no-style\" ><div id=\"pgc-w67091704ac86d-0-0\"  class=\"panel-grid-cell\" ><div id=\"panel-w67091704ac86d-0-0-0\" class=\"so-panel widget widget_sow-editor panel-first-child panel-last-child\" data-index=\"0\" ><div\n\t\t\t\n\t\t\tclass=\"so-widget-sow-editor so-widget-sow-editor-base\"\n\t\t\t\n\t\t>\n<div class=\"siteorigin-widget-tinymce textwidget\">\n\t<ol>\n<li>Beata Adamska<\/li>\n<li>Jadwiga Alexiewicz<\/li>\n<li>Wac\u0142awa Andrzejak<\/li>\n<li>Izabela Andrzejewska<\/li>\n<li>Krystyna Andrzejewska<\/li>\n<li>Maryla Bachmi\u0144ska<\/li>\n<li>Janusz Bachmi\u0144ski<\/li>\n<li>Urszula Bak<\/li>\n<li>Bogumi\u0142 Bard<\/li>\n<li>Aniceta Bednarz<\/li>\n<li>Krystyna Berezowska-Apolinarska<\/li>\n<li>Leopold Berkowski<\/li>\n<li>Andrzej Bie\u0144kowski<\/li>\n<li>Urszula Bi\u0142ozor<\/li>\n<li>S\u0142awomir Bi\u0142ozor<\/li>\n<li>Anna Borowicz<\/li>\n<li>Alina Cieciora<\/li>\n<li>Maciej Cieciora<\/li>\n<li>Joanna D\u0142ugosz-J\u00f3\u017awiak<\/li>\n<li>Magdalena Dobrzaniecka<\/li>\n<li>Ma\u0142gorzata Dryjska-\u0141o\u017cy\u0144ska<\/li>\n<li>Danuta Dudziak<\/li>\n<li>Marian Dudziak<\/li>\n<li>Krystyna Dudzi\u0144ska<\/li>\n<li>Ewa Durasiewicz<\/li>\n<li>Krystyna Dworzecka<\/li>\n<li>Maciej Dworzecki<\/li>\n<li>Katarzyna Dylewicz<\/li>\n<li>Piotr Dylewicz<\/li>\n<li>Ewa Flieger<\/li>\n<li>Christoph Garschynski<\/li>\n<li>Magdalena G\u0142ogowska<\/li>\n<li>Krzysztof G\u0142ogowski<\/li>\n<li>Maria Grabkowska<\/li>\n<li>Barbara Goli\u0144ska<\/li>\n<li>Piotr Goli\u0144ski<\/li>\n<li>Gra\u017cyna Gorynia<\/li>\n<li>Marian Gorynia<\/li>\n<li>Tatiana Gregorowicz<\/li>\n<li>Janusz Gregorowicz<\/li>\n<li>Dominik G\u00f3rny<\/li>\n<li>Halina Ho\u0142oga<\/li>\n<li>Krystyna Huminiecka<\/li>\n<li>Halina Jacyna-Onyszkiewicz<\/li>\n<li>Eleonora Janas<\/li>\n<li>Pawe\u0142 Janaszek<\/li>\n<li>Eugeniusz Jarosik<\/li>\n<li>Anna Jeli\u0144ska<\/li>\n<li>Edward Jeli\u0144ski<\/li>\n<li>Marcin J\u00f3\u017awiak<\/li>\n<li>Magdalena Jurga<\/li>\n<li>Hanna Kaczmarek-Kanold<\/li>\n<li>Kalikst Kaliszewski<\/li>\n<li>Joanna Ka\u0142kowska<\/li>\n<li>El\u017cbieta Kami\u0144ska<\/li>\n<li>Anna Kapturska<\/li>\n<li>Przemys\u0142aw Kapturski<\/li>\n<li>Dorota Kinal<\/li>\n<li>Dariusz Kinal<\/li>\n<li>Jolanta K\u0142usek<\/li>\n<li>Iwona Kompf<\/li>\n<li>Aleksander Kompf<\/li>\n<li>Jolanta Kopka<\/li>\n<li>Maria Kostka-Wach<\/li>\n<li>Andrzej Krajewski<\/li>\n<li>Anna Kruszewska<\/li>\n<li>Wojciech Kruszewski<\/li>\n<li>Sylwia Krzemieniewska<\/li>\n<li>El\u017cbieta Krzewi\u0144ska<\/li>\n<li>Gra\u017cyna Krzyminiewska<\/li>\n<li>Halina Kulesza<\/li>\n<li>Donata Laskowska<\/li>\n<li>Jerzy Laskowski<\/li>\n<li>Mieczys\u0142aw Lema\u0144ski<\/li>\n<li>Urszula Lesicka<\/li>\n<li>Andrzej Lesicki<\/li>\n<li>Arleta Lewi\u0144ska<\/li>\n<li>Barbara Lisiecka<\/li>\n<li>Ma\u0142gorzata Ludzkowska<\/li>\n<li>Katarzyna \u0141\u0105cka<\/li>\n<li>Alina Mackiewicz<\/li>\n<li>Artur Mackiewicz<\/li>\n<li>Lucyna Malska<\/li>\n<\/ol>\n<\/div>\n<\/div><\/div><\/div><div id=\"pgc-w67091704ac86d-0-1\"  class=\"panel-grid-cell\" ><div id=\"panel-w67091704ac86d-0-1-0\" class=\"so-panel widget widget_sow-editor panel-first-child panel-last-child\" data-index=\"1\" ><div class=\"panel-widget-style panel-widget-style-for-w67091704ac86d-0-1-0\" ><div\n\t\t\t\n\t\t\tclass=\"so-widget-sow-editor so-widget-sow-editor-base\"\n\t\t\t\n\t\t>\n<div class=\"siteorigin-widget-tinymce textwidget\">\n\t<ol start=\"84\">\n<li>Maria Ma\u0144kowska<\/li>\n<li>Andrzej Ma\u0144kowski<\/li>\n<li>Gra\u017cyna Misiorny<\/li>\n<li>Jan Misiorny<\/li>\n<li>Renata Mizeraczyk<\/li>\n<li>Dorota M\u0142odziejowska<\/li>\n<li>Renata M\u0142ynarczyk<\/li>\n<li>Krzysztof M\u0142ynarczyk<\/li>\n<li>Regina Musielak<\/li>\n<li>Micha\u0142 Musielak<\/li>\n<li>Justyna Nowakowska<\/li>\n<li>Zbigniewa Nowodworska<\/li>\n<li>Przemys\u0142aw Olejnik<\/li>\n<li>Leszek Pacholski<\/li>\n<li>Liliana Paszkowska<\/li>\n<li>Dorota Paw\u0142owska<\/li>\n<li>Wojciech Paw\u0142owski<\/li>\n<li>Danuta Plackowska<\/li>\n<li>Maria Plackowska<\/li>\n<li>Bo\u017cena Popowska<\/li>\n<li>Ma\u0142gorzata Pyda<\/li>\n<li>El\u017cbieta Raczek<\/li>\n<li>Krzysztof Raczek<\/li>\n<li>Krystyna Raczkowska-\u017berdzicka<\/li>\n<li>Hanna Rafi\u0144ska-Riedel<\/li>\n<li>Janusz Rajewski<\/li>\n<li>Pawe\u0142 Ratajczak<\/li>\n<li>Ma\u0142gorzata Rezler<\/li>\n<li>Marek Rezler<\/li>\n<li>Reinhard Riedel<\/li>\n<li>Barbara Rodziewicz-Pospiech<\/li>\n<li>Grzegorz Romanowski<\/li>\n<li>Maria Rudawska<\/li>\n<li>Jan Sawicki<\/li>\n<li>Czes\u0142awa Schatte<\/li>\n<li>Christoph Schatte<\/li>\n<li>Barbara Siejak<\/li>\n<li>Ewa Sieradzka<\/li>\n<li>Krzysztof Sieradzki<\/li>\n<li>Aldona Siwi\u0144ska<\/li>\n<li>Barbara Skibska<\/li>\n<li>Jan Skibski<\/li>\n<li>Teresa S\u0142owi\u0144ska<\/li>\n<li>Roman S\u0142owi\u0144ski<\/li>\n<li>Aleksandra Soba\u0144ska<\/li>\n<li>Anna So\u0142tysi\u0144ska<\/li>\n<li>Beata Sowi\u0144ska<\/li>\n<li>Jerzy Sowi\u0144ski<\/li>\n<li>Monika Stachurska Olejnik<\/li>\n<li>Alicja Staniszewska<\/li>\n<li>Jacek Stefaniak<\/li>\n<li>W\u0142odzimierz Stolzmann<\/li>\n<li>Miros\u0142awa Stryjska<\/li>\n<li>Irena Szalaty<\/li>\n<li>Grzegorz Szalaty<\/li>\n<li>Piotr Szarski<\/li>\n<li>Wies\u0142awa Szczygie\u0142-Kusowska<\/li>\n<li>Ewa Szulczewska<\/li>\n<li>Szymon Szulczewski<\/li>\n<li>Irena Szyma\u0144ska<\/li>\n<li>Remigiusz \u015awi\u0105tek<\/li>\n<li>Anna \u015awiderska<\/li>\n<li>Krystyna \u015awi\u0119cicka<\/li>\n<li>Henryk \u015awi\u0119cicki<\/li>\n<li>Marlena Tadzik<\/li>\n<li>Aleksandra Toczko<\/li>\n<li>Bo\u017cena Urbaniak<\/li>\n<li>Maria Wagi\u0144ska-Marzec<\/li>\n<li>Lucyna Wierzbicka<\/li>\n<li>Tomasz Wierzbicki<\/li>\n<li>Izabela Wilk Lema\u0144ska<\/li>\n<li>Maria Wi\u015bniewska<\/li>\n<li>Waldemar Wi\u015bniewski<\/li>\n<li>Barbara Wnuk<\/li>\n<li>Edwin Wnuk<\/li>\n<li>Ewa Wolniewicz-Bard<\/li>\n<li>El\u017cbieta Wro\u0144ska<\/li>\n<li>Teresa Wysocka<\/li>\n<li>Maria Ziembi\u0144ska<\/li>\n<li>Witold Zygu\u0142a<\/li>\n<\/ol>\n<\/div>\n<\/div><\/div><\/div><\/div><\/div><\/div><\/div><\/div><\/div><\/div><div id=\"pg-4002-5\"  class=\"panel-grid panel-no-style\" ><div id=\"pgc-4002-5-0\"  class=\"panel-grid-cell\" ><div id=\"panel-4002-5-0-0\" class=\"so-panel widget widget_sow-editor panel-first-child\" data-index=\"10\" ><div class=\"button__friends panel-widget-style panel-widget-style-for-4002-5-0-0\" id=\"button__friends2021\" ><div\n\t\t\t\n\t\t\tclass=\"so-widget-sow-editor so-widget-sow-editor-base\"\n\t\t\t\n\t\t>\n<div class=\"siteorigin-widget-tinymce textwidget\">\n\t<p>POZNAN PHILHARMONIC FRIENDS' CLUB - <span style=\"color: #9d000e;\"><strong>Season 2021\/2022 more &gt;<\/strong><\/span><\/p>\n<\/div>\n<\/div><\/div><\/div><div id=\"panel-4002-5-0-1\" class=\"so-panel widget widget_siteorigin-panels-builder panel-last-child\" data-index=\"11\" ><div id=\"text-button__friends2021\" class=\"panel-widget-style panel-widget-style-for-4002-5-0-1\" ><div id=\"pl-w2oob4yboi6t\"  class=\"panel-layout\" ><div id=\"pg-w2oob4yboi6t-0\"  class=\"panel-grid panel-no-style\" ><div id=\"pgc-w2oob4yboi6t-0-0\"  class=\"panel-grid-cell\" ><div id=\"panel-w2oob4yboi6t-0-0-0\" class=\"so-panel widget widget_sow-editor panel-first-child panel-last-child\" data-index=\"0\" ><div\n\t\t\t\n\t\t\tclass=\"so-widget-sow-editor so-widget-sow-editor-base\"\n\t\t\t\n\t\t>\n<div class=\"siteorigin-widget-tinymce textwidget\">\n\t<ol>\n<li>Beata Adamska<\/li>\n<li>Jadwiga Alexiewicz<\/li>\n<li>Wac\u0142awa Andrzejak<\/li>\n<li>Janusz Bachmi\u0144ski<\/li>\n<li>Maryla Bachmi\u0144ska<\/li>\n<li>Urszula Bak<\/li>\n<li>Bogumi\u0142 Bard<\/li>\n<li>Katarzyna Bartz-Dylewicz<\/li>\n<li>Krystyna Berezowska-Apolinarska<\/li>\n<li>Leopold Berkowski<\/li>\n<li>Ewa Bobrowicz<\/li>\n<li>Anna Borowicz<\/li>\n<li>Alina Cieciora<\/li>\n<li>Maciej Cieciora<\/li>\n<li>Marek Daniel<\/li>\n<li>Vassileios Demengopulos<\/li>\n<li>Magdalena Dobrzaniecka<\/li>\n<li>Ma\u0142gorzata Dryjska<\/li>\n<li>Krystyna Dudzi\u0144ska<\/li>\n<li>Ewa Durasiewicz<\/li>\n<li>Lechos\u0142aw Dworak<\/li>\n<li>Krystyna Dworzecka<\/li>\n<li>Maciej Dworzecki<\/li>\n<li>Piotr Dylewicz<\/li>\n<li>Julia Dymek<\/li>\n<li>Ewa Flieger<\/li>\n<li>Damian Fornalski<\/li>\n<li>Christoph Garschynski<\/li>\n<li>Barbara Goli\u0144ska<\/li>\n<li>Piotr Goli\u0144ski<\/li>\n<li>Alina Gorlas<\/li>\n<li>Jan Gorlas<\/li>\n<li>Gra\u017cyna Gorynia<\/li>\n<li>Marian Gorynia<\/li>\n<li>Maria Grabkowska<\/li>\n<li>Jan Grabkowski<\/li>\n<li>Janusz Gregorowicz<\/li>\n<li>Tatiana Gregorowicz<\/li>\n<li>Krystyna Huminiecka<\/li>\n<li>Halina Jacyna-Onyszkiewicz<\/li>\n<li>Eleonora Janas<\/li>\n<li>Pawe\u0142 Janaszek<\/li>\n<li>Eugeniusz Jarosik<\/li>\n<li>Joanna J\u00f3\u017awiak<\/li>\n<li>Marcin J\u00f3\u017awiak<\/li>\n<li>Barbara Kaczmarek<\/li>\n<li>Zygmunt Kaczmarek<\/li>\n<li>Ma\u0142gorzata Kaczmarek-Kanold<\/li>\n<li>Ilona Kalfas<\/li>\n<li>Joanna Ka\u0142kowska<\/li>\n<li>Anna Kapturska<\/li>\n<li>Przemys\u0142aw Kapturski<\/li>\n<li>Maria Kierzy\u0144ska<\/li>\n<li>Dariusz Kinal<\/li>\n<li>Dorota Kinal<\/li>\n<li>Joanna K\u0142usek<\/li>\n<li>Barbara Kocha\u0144ska<\/li>\n<li>Aleksander Komf<\/li>\n<li>Iwona Komf<\/li>\n<li>Andrzej Krajewski<\/li>\n<li>Anna Kruszewska<\/li>\n<li>Wojciech Kruszewski<\/li>\n<li>Sylwia Krzemieniewska<\/li>\n<li>Karolina Krzepkowska<\/li>\n<li>El\u017cbieta Krzewi\u0144ska<\/li>\n<li>Ewa Krzy\u017cag\u00f3rska<\/li>\n<li>Piotr Krzy\u017cag\u00f3rski<\/li>\n<li>Lucyna Ku\u017anicka-Tylenda<\/li>\n<li>Donata Laskowska<\/li>\n<li>Jerzy Laskowski<\/li>\n<li>Izabela Lema\u0144ska<\/li>\n<li>Mieczys\u0142aw Lema\u0144ski<\/li>\n<li>Andrzej Lesicki<\/li>\n<li>Arleta Lewi\u0144ska<\/li>\n<li>Barbara Lisiecka<\/li>\n<li>Katarzyna \u0141\u0105cka<\/li>\n<li>Alina Mackiewicz<\/li>\n<\/ol>\n<\/div>\n<\/div><\/div><\/div><div id=\"pgc-w2oob4yboi6t-0-1\"  class=\"panel-grid-cell\" ><div id=\"panel-w2oob4yboi6t-0-1-0\" class=\"so-panel widget widget_sow-editor panel-first-child panel-last-child\" data-index=\"1\" ><div class=\"panel-widget-style panel-widget-style-for-w2oob4yboi6t-0-1-0\" ><div\n\t\t\t\n\t\t\tclass=\"so-widget-sow-editor so-widget-sow-editor-base\"\n\t\t\t\n\t\t>\n<div class=\"siteorigin-widget-tinymce textwidget\">\n\t<ol start=\"78\">\n<li>Artur Mackiewicz<\/li>\n<li>Lucyna Malska<\/li>\n<li>Andrzej Ma\u0144kowski<\/li>\n<li>Maria Ma\u0144kowska<\/li>\n<li>Gra\u017cyna Misiorna<\/li>\n<li>Jan Misiorny<\/li>\n<li>Renata Mizeraczyk<\/li>\n<li>Dorota M\u0142odziejowska<\/li>\n<li>Krzysztof M\u0142ynarczyk<\/li>\n<li>Renata M\u0142ynarczyk<\/li>\n<li>Zbigniewa Nowodworska<\/li>\n<li>Przemys\u0142aw Olejnik<\/li>\n<li>Leszek Pacholski<\/li>\n<li>Urszula Paszli\u0144ska-Lesicka<\/li>\n<li>Dorota Paw\u0142owska<\/li>\n<li>Wojciech Paw\u0142owski<\/li>\n<li>Danuta Plackowska<\/li>\n<li>Maria Plackowska<\/li>\n<li>Krystyna Pokorska<\/li>\n<li>Kazimierz Pokorski<\/li>\n<li>Bo\u017cena Popowska<\/li>\n<li>Maria Przychodzka<\/li>\n<li>El\u017cbieta Raczek<\/li>\n<li>Krzysztof Raczek<\/li>\n<li>Hanna Rafi\u0144ska-Riedel<\/li>\n<li>Pawe\u0142 Ratajczak<\/li>\n<li>Ma\u0142gorzata Rezler<\/li>\n<li>Marek Rezler<\/li>\n<li>Reinhard Riedel<\/li>\n<li>Barbara Rodziewicz-Pospiech<\/li>\n<li>Grzegorz Romanowski<\/li>\n<li>Andrzej Roszkiewicz<\/li>\n<li>Maria Rudawska<\/li>\n<li>Jan Sawicki<\/li>\n<li>Wanda Maria Schirnick-Paradzi\u0144ska<\/li>\n<li>Ewa Sieradzka<\/li>\n<li>Krzysztof Sieradzki<\/li>\n<li>Barbara Skibska<\/li>\n<li>Jan Skibski<\/li>\n<li>Wanda Skrobisz<\/li>\n<li>Teresa S\u0142owi\u0144ska<\/li>\n<li>Roman S\u0142owi\u0144ski<\/li>\n<li>Anna So\u0142tysi\u0144ska<\/li>\n<li>Anna Songaj\u0142o<\/li>\n<li>Beata Sowi\u0144ska<\/li>\n<li>Jerzy Sowi\u0144ski<\/li>\n<li>Monika Stachurska Olejnik<\/li>\n<li>W\u0142odzimierz Stolzmann<\/li>\n<li>Grzegorz Szalaty<\/li>\n<li>Irena Szalaty<\/li>\n<li>Piotr Szarski<\/li>\n<li>Wies\u0142awa Szczygie\u0142-Kusowska<\/li>\n<li>Ewa Szulczewska<\/li>\n<li>Szymon Szulczewski<\/li>\n<li>Ewa Szyc-Daniel<\/li>\n<li>Irena Szyma\u0144ska<\/li>\n<li>Maciej Szyma\u0144ski<\/li>\n<li>Remigiusz \u015awi\u0105tek<\/li>\n<li>Anna \u015awiderska<\/li>\n<li>Krystyna \u015awi\u0119cicka<\/li>\n<li>Henryk \u015awi\u0119cicki<\/li>\n<li>Marlena Tadzik<\/li>\n<li>Ewa Tasarek<\/li>\n<li>Jacek Tasarek<\/li>\n<li>Aleksandra Toczko<\/li>\n<li>Maria Wagi\u0144ska-Marzec<\/li>\n<li>Oskar Wiesio\u0142ek<\/li>\n<li>Maria Wi\u015bniewska<\/li>\n<li>Waldemar Wi\u015bniewski<\/li>\n<li>Barbara Wnuk<\/li>\n<li>Edwin Wnuk<\/li>\n<li>Ewa Wolniewicz-Bard<\/li>\n<li>Olivia Zentner<\/li>\n<li>Maria Ziembi\u0144ska<\/li>\n<li>Irena Zi\u0119towska<\/li>\n<li>Witold Zygu\u0142a<\/li>\n<\/ol>\n<\/div>\n<\/div><\/div><\/div><\/div><\/div><\/div><\/div><\/div><\/div><\/div><div id=\"pg-4002-6\"  class=\"panel-grid panel-no-style\" ><div id=\"pgc-4002-6-0\"  class=\"panel-grid-cell\" ><div id=\"panel-4002-6-0-0\" class=\"so-panel widget widget_sow-editor panel-first-child\" data-index=\"12\" ><div class=\"button__friends panel-widget-style panel-widget-style-for-4002-6-0-0\" id=\"button__friends2020\" ><div\n\t\t\t\n\t\t\tclass=\"so-widget-sow-editor so-widget-sow-editor-base\"\n\t\t\t\n\t\t>\n<div class=\"siteorigin-widget-tinymce textwidget\">\n\t<p>POZNAN PHILHARMONIC FRIENDS' CLUB - <span style=\"color: #9d000e;\"><strong>Season 2020\/2021 more &gt;<\/strong><\/span><\/p>\n<\/div>\n<\/div><\/div><\/div><div id=\"panel-4002-6-0-1\" class=\"so-panel widget widget_siteorigin-panels-builder panel-last-child\" data-index=\"13\" ><div id=\"text-button__friends2020\" class=\"panel-widget-style panel-widget-style-for-4002-6-0-1\" ><div id=\"pl-w60375895cf981\"  class=\"panel-layout\" ><div id=\"pg-w60375895cf981-0\"  class=\"panel-grid panel-no-style\" ><div id=\"pgc-w60375895cf981-0-0\"  class=\"panel-grid-cell\" ><div id=\"panel-w60375895cf981-0-0-0\" class=\"so-panel widget widget_sow-editor panel-first-child panel-last-child\" data-index=\"0\" ><div\n\t\t\t\n\t\t\tclass=\"so-widget-sow-editor so-widget-sow-editor-base\"\n\t\t\t\n\t\t>\n<div class=\"siteorigin-widget-tinymce textwidget\">\n\t<ol>\n<li>Krystyna Andrzejewska<\/li>\n<li>Bogumi\u0142 Bard<\/li>\n<li>Katarzyna Bartz-Dylewicz<\/li>\n<li>Krystyna Berezowska-Apolinarska<\/li>\n<li>Alina Cieciora<\/li>\n<li>Maciej Cieciora<\/li>\n<li>Krystyna Dworzecka<\/li>\n<li>Maciej Dworzecki<\/li>\n<li>Piotr Dylewicz<\/li>\n<li>Aldona Francis<\/li>\n<li>John Francis<\/li>\n<li>Christoph Garschynsky<\/li>\n<li>Barbara Goli\u0144ska<\/li>\n<li>Piotr Goli\u0144ski<\/li>\n<li>Gra\u017cyna Gorynia<\/li>\n<li>Marian Gorynia<\/li>\n<li>Pawe\u0142 Janaszek<\/li>\n<li>Anna Kapturska<\/li>\n<li>Przemys\u0142aw Kapturski<\/li>\n<li>Dariusz Kinal<\/li>\n<li>Dorota Kinal<\/li>\n<li>Aleksander Kompf<\/li>\n<li>Iwona Kompf<\/li>\n<li>Andrzej Krajewski<\/li>\n<li>Anna Kruszewska<\/li>\n<li>Wojciech Kruszewski<\/li>\n<li>El\u017cbieta Krzewi\u0144ska<\/li>\n<li>Ewa Krzy\u017cag\u00f3rska<\/li>\n<li>Piotr Krzy\u017cag\u00f3rski<\/li>\n<li>Mieczys\u0142aw Lema\u0144ski<\/li>\n<li>Arleta Lewi\u0144ska<\/li>\n<li>Katarzyna \u0141\u0105cka<\/li>\n<li>Maria Ma\u0144kowska<\/li>\n<li>Andrzej Ma\u0144kowski<\/li>\n<li>Gra\u017cyna Misiorny<\/li>\n<li>Jan Misiorny<\/li>\n<li>Renata Mizeraczyk<\/li>\n<li>Dorota M\u0142odziejowska<\/li>\n<li>Ewa Olejniczak<\/li>\n<li>Krzysztof Olejniczak<\/li>\n<\/ol>\n<\/div>\n<\/div><\/div><\/div><div id=\"pgc-w60375895cf981-0-1\"  class=\"panel-grid-cell\" ><div id=\"panel-w60375895cf981-0-1-0\" class=\"so-panel widget widget_sow-editor panel-first-child panel-last-child\" data-index=\"1\" ><div class=\"panel-widget-style panel-widget-style-for-w60375895cf981-0-1-0\" ><div\n\t\t\t\n\t\t\tclass=\"so-widget-sow-editor so-widget-sow-editor-base\"\n\t\t\t\n\t\t>\n<div class=\"siteorigin-widget-tinymce textwidget\">\n\t<ol start=\"41\">\n<li>Przemys\u0142aw Olejnik<\/li>\n<li>Joanna Pacholska<\/li>\n<li>Leszek Pacholski<\/li>\n<li>Dorota Paw\u0142owska<\/li>\n<li>Wojciech Paw\u0142owski<\/li>\n<li>Maria Plackowska<\/li>\n<li>Danuta Plackowska<\/li>\n<li>Bo\u017cena Popowska<\/li>\n<li>Maria Przychodzka<\/li>\n<li>Hanna Rafi\u0144ska-Riedel<\/li>\n<li>Pawe\u0142 Ratajczak<\/li>\n<li>Ma\u0142gorzata Rezler<\/li>\n<li>Marek Rezler<\/li>\n<li>Reinhard Riedel<\/li>\n<li>Barbara Rodziewicz-Pospiech<\/li>\n<li>Jan Sawicki<\/li>\n<li>Ewa Sieradzka<\/li>\n<li>Krzysztof Sieradzki<\/li>\n<li>Anna So\u0142tysi\u0144ska<\/li>\n<li>Beata Sowi\u0144ska<\/li>\n<li>Jerzy Sowi\u0144ski<\/li>\n<li>Monika Stachurska-Olejnik<\/li>\n<li>Jacek Stefaniak<\/li>\n<li>Irena Szalaty<\/li>\n<li>Grzegorz Szalaty<\/li>\n<li>Wies\u0142awa Szczygie\u0142-Kusowska<\/li>\n<li>Ewa Szulczewska<\/li>\n<li>Szymon Szulczewski<\/li>\n<li>Krystyna \u015awi\u0119cicka<\/li>\n<li>Aleksandra Toczko<\/li>\n<li>Bo\u017cena Urbaniak<\/li>\n<li>Renata Wieloch<\/li>\n<li>Izabela Wilk-Lema\u0144ska<\/li>\n<li>Maria Wi\u015bniewska<\/li>\n<li>Waldemar Wi\u015bniewski<\/li>\n<li>Barbara Wnuk<\/li>\n<li>Edwin Wnuk<\/li>\n<li>Ewa Wolniewicz-Bard<\/li>\n<li>Maria Ziembi\u0144ska<\/li>\n<\/ol>\n<\/div>\n<\/div><\/div><\/div><\/div><\/div><\/div><\/div><\/div><\/div><\/div><div id=\"pg-4002-7\"  class=\"panel-grid panel-no-style\" ><div id=\"pgc-4002-7-0\"  class=\"panel-grid-cell\" ><div id=\"panel-4002-7-0-0\" class=\"so-panel widget widget_sow-editor panel-first-child\" data-index=\"14\" ><div class=\"button__friends panel-widget-style panel-widget-style-for-4002-7-0-0\" id=\"button__friends2019\" ><div\n\t\t\t\n\t\t\tclass=\"so-widget-sow-editor so-widget-sow-editor-base\"\n\t\t\t\n\t\t>\n<div class=\"siteorigin-widget-tinymce textwidget\">\n\t<p>POZNAN PHILHARMONIC FRIENDS' CLUB - <span style=\"color: #9d000e;\"><strong>Season 2019\/2020 more &gt;<\/strong><\/span><\/p>\n<\/div>\n<\/div><\/div><\/div><div id=\"panel-4002-7-0-1\" class=\"so-panel widget widget_siteorigin-panels-builder panel-last-child\" data-index=\"15\" ><div id=\"text-button__friends2019\" class=\"panel-widget-style panel-widget-style-for-4002-7-0-1\" ><div id=\"pl-wgaujjx1625g\"  class=\"panel-layout\" ><div id=\"pg-wgaujjx1625g-0\"  class=\"panel-grid panel-no-style\" ><div id=\"pgc-wgaujjx1625g-0-0\"  class=\"panel-grid-cell\" ><div id=\"panel-wgaujjx1625g-0-0-0\" class=\"so-panel widget widget_sow-editor panel-first-child panel-last-child\" data-index=\"0\" ><div\n\t\t\t\n\t\t\tclass=\"so-widget-sow-editor so-widget-sow-editor-base\"\n\t\t\t\n\t\t>\n<div class=\"siteorigin-widget-tinymce textwidget\">\n\t<ol>\n<li>Izabela Andrzejewska<\/li>\n<li>Krystyna Andrzejewska<\/li>\n<li>Maria Bachmi\u0144ska<\/li>\n<li>Janusz Bachmi\u0144ski<\/li>\n<li>Jadwiga Badzi\u0144ska<\/li>\n<li>Urszula Bak<\/li>\n<li>Bogumi\u0142 Bard<\/li>\n<li>Krystyna Berezowska-Apolinarska<\/li>\n<li>Leopold Berkowski<\/li>\n<li>S\u0142awomir Bi\u0142ozor<\/li>\n<li>Urszula Bi\u0142ozor<\/li>\n<li>Anna Borowicz<\/li>\n<li>Barbara Chmielewska<\/li>\n<li>Przemys\u0142aw Chmielewski<\/li>\n<li>Alina Cieciora<\/li>\n<li>Maciej Cieciora<\/li>\n<li>Maria Ciemniewska<\/li>\n<li>Andrzej Cie\u015bli\u0144ski<\/li>\n<li>Joanna Cybulska-Augustyniak<\/li>\n<li>Ewa Durasiewicz<\/li>\n<li>Lechos\u0142aw Dworak<\/li>\n<li>Krystyna Dworzecka<\/li>\n<li>Maciej Dworzecki<\/li>\n<li>Katarzyna Dylewicz<\/li>\n<li>Piotr Dylewicz<\/li>\n<li>Ewa Flieger<\/li>\n<li>Aldona Francis<\/li>\n<li>John Francis<\/li>\n<li>Ludomira Galewska<\/li>\n<li>Jan Gaw\u0119cki<\/li>\n<li>Jolanta Gaw\u0119cka<\/li>\n<li>El\u017cbieta Godzimirska-Steca<\/li>\n<li>Barbara Goli\u0144ska<\/li>\n<li>Piotr Goli\u0144ski<\/li>\n<li>Jan Gorlas<\/li>\n<li>Alicja Gorlas<\/li>\n<li>Piotr G\u00f3rny<\/li>\n<li>Maria Grabkowska<\/li>\n<li>Krystyna Huminiecka<\/li>\n<li>Halina Jacyna-Onyszkiewicz<\/li>\n<li>Pawe\u0142 Janaszek<\/li>\n<li>Jerzy Jankowski<\/li>\n<li>Eugeniusz Jarosik<\/li>\n<li>Anna Kapturska<\/li>\n<li>Przemys\u0142aw Kapturski<\/li>\n<li>Andrzej Kapu\u015bci\u0144ski<\/li>\n<li>El\u017cbieta Kasprzak Meixner<\/li>\n<li>Iwona K\u0119sik Sojka<\/li>\n<li>Micha\u0142 Kie\u0142biowski<\/li>\n<li>Barbara Kocha\u0144ska<\/li>\n<li>Aleksander Kompf<\/li>\n<li>Iwona Kompf<\/li>\n<li>Ewa Konys<\/li>\n<li>Aleksandra Kornacka<\/li>\n<li>Wojciech Kornacki<\/li>\n<li>Anna Kruszewska<\/li>\n<li>Wojciech Kruszewski<\/li>\n<li>Sylwia Krzemieniewska<\/li>\n<li>El\u017cbieta Krzewi\u0144ska<\/li>\n<li>El\u017cbieta Krzysztoporska-Czarnecka<\/li>\n<li>Ewa Krzy\u017cag\u00f3rska<\/li>\n<li>Piotr Krzy\u017cag\u00f3rski<\/li>\n<li>Barbara Kwartalska<\/li>\n<li>Jerzy Kwartalski<\/li>\n<li>Mieczys\u0142aw Lema\u0144ski<\/li>\n<li>Danuta Lenart-Jankowska<\/li>\n<li>Andrzej Lesicki<\/li>\n<li>Arleta Lewi\u0144ska<\/li>\n<li>Barbara Lisiecka<\/li>\n<li>Stanis\u0142aw Lisiecki<\/li>\n<li>Miros\u0142awa Lubiatowska<\/li>\n<li>Jaros\u0142aw Lubiatowski<\/li>\n<li>Katarzyna \u0141\u0105cka<\/li>\n<li>Ewa Malska<\/li>\n<li>Andrzej Ma\u0144kowski<\/li>\n<li>Maria Ma\u0144kowska<\/li>\n<\/ol>\n<\/div>\n<\/div><\/div><\/div><div id=\"pgc-wgaujjx1625g-0-1\"  class=\"panel-grid-cell\" ><div id=\"panel-wgaujjx1625g-0-1-0\" class=\"so-panel widget widget_sow-editor panel-first-child panel-last-child\" data-index=\"1\" ><div class=\"panel-widget-style panel-widget-style-for-wgaujjx1625g-0-1-0\" ><div\n\t\t\t\n\t\t\tclass=\"so-widget-sow-editor so-widget-sow-editor-base\"\n\t\t\t\n\t\t>\n<div class=\"siteorigin-widget-tinymce textwidget\">\n\t<ol start=\"77\">\n<li>Wojciech Meixner<\/li>\n<li>Danuta Michalska<\/li>\n<li>Zygmunt Michalski<\/li>\n<li>Gra\u017cyna Misiorny<\/li>\n<li>Jan Misiorny<\/li>\n<li>Renata Mizeraczyk<\/li>\n<li>Dorota M\u0142odziejowska<\/li>\n<li>Krzysztof M\u0142ynarczyk<\/li>\n<li>Renata M\u0142ynarczyk<\/li>\n<li>Danuta Nowicka<\/li>\n<li>Edward Nowicki<\/li>\n<li>Przemys\u0142aw Olejnik<\/li>\n<li>Leszek Pacholski<\/li>\n<li>Bogus\u0142aw Pawlak<\/li>\n<li>Dorota Paw\u0142owska<\/li>\n<li>Wojciech Paw\u0142owski<\/li>\n<li>Iwona Piszczek<\/li>\n<li>Danuta Plackowska<\/li>\n<li>Maria Plackowska<\/li>\n<li>Wanda Po\u0142czy\u0144ska<\/li>\n<li>Bo\u017cena Popowska<\/li>\n<li>Wies\u0142awa Przybylska Kapu\u015bci\u0144ska<\/li>\n<li>Maria Przychodzka<\/li>\n<li>Jolanta Pu\u015blecka<\/li>\n<li>Zdzis\u0142aw Pu\u015blecki<\/li>\n<li>Krystyna Raczkowska-\u017berdzicka<\/li>\n<li>Hanna Rafi\u0144ska Riedel<\/li>\n<li>Pawe\u0142 Ratajczak<\/li>\n<li>Maria Rau Heina<\/li>\n<li>Ma\u0142gorzata Rezler<\/li>\n<li>Marek Rezler<\/li>\n<li>Reinhard Riedel<\/li>\n<li>Grzegorz Romanowski<\/li>\n<li>Andrzej Roszkiewicz<\/li>\n<li>Maria Rudawska<\/li>\n<li>Jan Sawicki<\/li>\n<li>Ewa Sieradzka<\/li>\n<li>Krzysztof Sieradzki<\/li>\n<li>Marek Sikora<\/li>\n<li>Barbara Skibska<\/li>\n<li>Jan Skibski<\/li>\n<li>Maciej Sojka<\/li>\n<li>Anna Songaj\u0142o<\/li>\n<li>Beata Sowi\u0144ska<\/li>\n<li>Jerzy Sowi\u0144ski<\/li>\n<li>Wanda Skrobisz<\/li>\n<li>Monika Stachurska Olejnik<\/li>\n<li>Jacek Stefaniak<\/li>\n<li>W\u0142odzimierz Stolzmann<\/li>\n<li>Grzegorz Szalaty<\/li>\n<li>Irena Szalaty<\/li>\n<li>Wies\u0142awa Szczygie\u0142<\/li>\n<li>Ewa Szulczewska<\/li>\n<li>Szymon Szulczewski<\/li>\n<li>Micha\u0142 \u015aliwa<\/li>\n<li>Justyna \u015amierzchalska<\/li>\n<li>Anna \u015awiderska<\/li>\n<li>Krystyna \u015awi\u0119cicka<\/li>\n<li>Henryk \u015awi\u0119cicki<\/li>\n<li>Marlena Tadzik<\/li>\n<li>Aleksandra Toczko<\/li>\n<li>Maria Wagi\u0144ska Marzec<\/li>\n<li>Lucyna Wierzbicka<\/li>\n<li>Tomasz Wierzbicki<\/li>\n<li>Izabela Wilk-Lema\u0144ska<\/li>\n<li>Maria Wi\u015bniewska<\/li>\n<li>Waldemar Wi\u015bniewski<\/li>\n<li>Barbara Wnuk<\/li>\n<li>Edwin Wnuk<\/li>\n<li>Danuta Wojtkowiak<\/li>\n<li>Ewa Wolniewicz-Bard<\/li>\n<li>Teresa Wysocka<\/li>\n<li>Marian Zbora\u0142a<\/li>\n<li>Pawe\u0142 Zi\u0119tek<\/li>\n<li>Hanna \u017bywiecka<\/li>\n<li>Pawe\u0142 \u017bywiecki<\/li>\n<\/ol>\n<\/div>\n<\/div><\/div><\/div><\/div><\/div><\/div><\/div><\/div><\/div><\/div><div id=\"pg-4002-8\"  class=\"panel-grid panel-no-style\" ><div id=\"pgc-4002-8-0\"  class=\"panel-grid-cell\" ><div id=\"panel-4002-8-0-0\" class=\"so-panel widget widget_sow-editor panel-first-child\" data-index=\"16\" ><div class=\"button__friends panel-widget-style panel-widget-style-for-4002-8-0-0\" id=\"button__friends2018\" ><div\n\t\t\t\n\t\t\tclass=\"so-widget-sow-editor so-widget-sow-editor-base\"\n\t\t\t\n\t\t>\n<div class=\"siteorigin-widget-tinymce textwidget\">\n\t<p>POZNAN PHILHARMONIC FRIENDS' CLUB - <span style=\"color: #9d000e;\"><strong>Season 2018\/2019 more &gt;<\/strong><\/span><\/p>\n<\/div>\n<\/div><\/div><\/div><div id=\"panel-4002-8-0-1\" class=\"so-panel widget widget_siteorigin-panels-builder panel-last-child\" data-index=\"17\" ><div id=\"text-button__friends2018\" class=\"panel-widget-style panel-widget-style-for-4002-8-0-1\" ><div id=\"pl-w5pisbwzf09j\"  class=\"panel-layout\" ><div id=\"pg-w5pisbwzf09j-0\"  class=\"panel-grid panel-no-style\" ><div id=\"pgc-w5pisbwzf09j-0-0\"  class=\"panel-grid-cell\" ><div id=\"panel-w5pisbwzf09j-0-0-0\" class=\"so-panel widget widget_sow-editor panel-first-child panel-last-child\" data-index=\"0\" ><div\n\t\t\t\n\t\t\tclass=\"so-widget-sow-editor so-widget-sow-editor-base\"\n\t\t\t\n\t\t>\n<div class=\"siteorigin-widget-tinymce textwidget\">\n\t<ol>\n<li>Izabela Andrzejewska<\/li>\n<li>Krystyna Andrzejewska<\/li>\n<li>Maria Bachmi\u0144ska<\/li>\n<li>Janusz Bachmi\u0144ski<\/li>\n<li>Jadwiga Badzi\u0144ska<\/li>\n<li>Urszula Bak<\/li>\n<li>Krystyna Berezowska-Apolinarska<\/li>\n<li>Leopold Berkowski<\/li>\n<li>S\u0142awomir Bi\u0142ozor<\/li>\n<li>Urszula Bi\u0142ozor<\/li>\n<li>Anna Borowicz<\/li>\n<li>Alina Cieciora<\/li>\n<li>Maciej Cieciora<\/li>\n<li>Maria Ciemniewska<\/li>\n<li>Andrzej Cie\u015bli\u0144ski<\/li>\n<li>Joanna Cybulska-Augustyniak<\/li>\n<li>Marek Daniel<\/li>\n<li>Ma\u0142gorzata Dryjska-\u0141o\u017cy\u0144ska<\/li>\n<li>Lechos\u0142aw Dworak<\/li>\n<li>Zbigniew Kazimierz Dworak<\/li>\n<li>Krystyna Dworzecka<\/li>\n<li>Maciej Dworzecki<\/li>\n<li>Katarzyna Dylewicz<\/li>\n<li>Piotr Dylewicz<\/li>\n<li>Ewa Flieger<\/li>\n<li>Ludomira Galewska<\/li>\n<li>Barbara Goli\u0144ska<\/li>\n<li>Piotr Goli\u0144ski<\/li>\n<li>Alicja Gorlas<\/li>\n<li>Jan Gorlas<\/li>\n<li>Gra\u017cyna Gorynia<\/li>\n<li>Marian Gorynia<\/li>\n<li>Dominik G\u00f3rny<\/li>\n<li>Maria Grabkowska<\/li>\n<li>Krzysztof Hora\u0142a<\/li>\n<li>Krystyna Huminiecka<\/li>\n<li>Adam Jacyna-Onyszkiewicz<\/li>\n<li>Halina Jacyna-Onyszkiewicz<\/li>\n<li>Pawe\u0142 Janaszek<\/li>\n<li>Jerzy Jankowski<\/li>\n<li>Eugeniusz Jarosik<\/li>\n<li>Tatiana Jarosik<\/li>\n<li>Anna Kapturska<\/li>\n<li>Przemys\u0142aw Kapturski<\/li>\n<li>Wies\u0142awa Kapu\u015bci\u0144ska<\/li>\n<li>Andrzej Kapu\u015bci\u0144ski<\/li>\n<li>El\u017cbieta Kasprzak-Meixner<\/li>\n<li>Iwona Kompf<\/li>\n<li>Aleksander Kompf<\/li>\n<li>Ewa Konys<\/li>\n<li>Maria Kostka-Wach<\/li>\n<li>Jadwiga Krawiec<\/li>\n<li>Ryszard Krawiec<\/li>\n<li>Anna Kruszewska<\/li>\n<li>Wojciech Kruszewski<\/li>\n<li>El\u017cbieta Krzewi\u0144ska<\/li>\n<li>El\u017cbieta Krzysztoporska-Czarnecka<\/li>\n<li>Ewa Krzy\u017cag\u00f3rska<\/li>\n<li>Piotr Krzy\u017cag\u00f3rski<\/li>\n<li>Barbara Kwartalska<\/li>\n<li>Jerzy Kwartalski<\/li>\n<li>Mieczys\u0142aw Lema\u0144ski<\/li>\n<li>Danuta Lenart-Jankowska<\/li>\n<li>Andrzej Lesicki<\/li>\n<li>Arleta Lewi\u0144ska<\/li>\n<li>Barbara Lisiecka<\/li>\n<li>Stanis\u0142aw Lisiecki<\/li>\n<li>Katarzyna \u0141\u0105cka<\/li>\n<li>Wit \u0141o\u017cy\u0144ski<\/li>\n<li>Anna Ma\u0142dzi\u0144ska<\/li>\n<li>Leszek Ma\u0142dzi\u0144ski<\/li>\n<li>Wojciech Meixner<\/li>\n<li>Hanna Michalak<\/li>\n<li>Marek Michalak<\/li>\n<li>Danuta Michalska<\/li>\n<li>Zygmunt Michalski<\/li>\n<li>Jan Misiorny<\/li>\n<li>Gra\u017cyna Misiorny<\/li>\n<li>Renata Mizeraczyk<\/li>\n<li>Dorota M\u0142odziejowska<\/li>\n<li>Renata M\u0142ynarczyk<\/li>\n<li>Krzysztof M\u0142ynarczyk<\/li>\n<li>Danuta Nowicka<\/li>\n<li>Edward Nowicki<\/li>\n<li>Zbigniewa Nowodworska<\/li>\n<\/ol>\n<\/div>\n<\/div><\/div><\/div><div id=\"pgc-w5pisbwzf09j-0-1\"  class=\"panel-grid-cell\" ><div id=\"panel-w5pisbwzf09j-0-1-0\" class=\"so-panel widget widget_sow-editor panel-first-child panel-last-child\" data-index=\"1\" ><div class=\"panel-widget-style panel-widget-style-for-w5pisbwzf09j-0-1-0\" ><div\n\t\t\t\n\t\t\tclass=\"so-widget-sow-editor so-widget-sow-editor-base\"\n\t\t\t\n\t\t>\n<div class=\"siteorigin-widget-tinymce textwidget\">\n\t<ol start=\"86\">\n<li>Magdalena Okpisz<\/li>\n<li>Andrzej Okpisz<\/li>\n<li>Przemys\u0142aw Olejnik<\/li>\n<li>Zofia Or\u0142owska-Drabowicz<\/li>\n<li>Anna Orzeszko-Spaczy\u0144ska<\/li>\n<li>Leszek Pacholski<\/li>\n<li>Grzegorz Palacz<\/li>\n<li>Bogus\u0142aw Pawlak<\/li>\n<li>Dorota Paw\u0142owska<\/li>\n<li>El\u017cbieta Paw\u0142owska<\/li>\n<li>Wojciech Paw\u0142owski<\/li>\n<li>Krzysztof Paw\u0142owski<\/li>\n<li>Beata Pi\u0105tek<\/li>\n<li>Jacek Pi\u0105tek<\/li>\n<li>Danuta Plackowska<\/li>\n<li>Maria Plackowska<\/li>\n<li>Wanda Po\u0142czy\u0144ska<\/li>\n<li>Bo\u017cena Popowska<\/li>\n<li>Wies\u0142awa Pukacka<\/li>\n<li>Ewa Raczak<\/li>\n<li>Krystyna Raczkowska<\/li>\n<li>Hanna Rafi\u0144ska-Riedel<\/li>\n<li>Janusz Rajewski<\/li>\n<li>Pawe\u0142 Ratajczak<\/li>\n<li>Ma\u0142gorzata Rezler<\/li>\n<li>Marek Rezler<\/li>\n<li>Reinhard Riedel<\/li>\n<li>Barbara Rodziewicz-Pospiech<\/li>\n<li>Grzegorz Romanowski<\/li>\n<li>Maria Rudawska<\/li>\n<li>Urszula Sawczyn<\/li>\n<li>Pawe\u0142 Sawczyn<\/li>\n<li>Anna Serafinowska Kie\u0142czewska<\/li>\n<li>Ewa Sieradzka<\/li>\n<li>Krzysztof Sieradzki<\/li>\n<li>Marek Sikora<\/li>\n<li>Barbara Skibska<\/li>\n<li>Jan Skibski<\/li>\n<li>Krystyna Skorek<\/li>\n<li>Anna So\u0142tysi\u0144ska<\/li>\n<li>Anna Songaj\u0142o<\/li>\n<li>Beata Sowi\u0144ska<\/li>\n<li>Jerzy Sowi\u0144ski<\/li>\n<li>Marek Spaczy\u0144ski<\/li>\n<li>Monika Stachurska<\/li>\n<li>Jacek Stefaniak<\/li>\n<li>W\u0142odzimierz Stolzmann<\/li>\n<li>Miros\u0142awa Stryjska<\/li>\n<li>Regina Szafer<\/li>\n<li>Irena Szalaty<\/li>\n<li>Grzegorz Szalaty<\/li>\n<li>Wies\u0142awa Szczygie\u0142-Kusowska<\/li>\n<li>Ewa Szulczewska<\/li>\n<li>Szymon Szulczewski<\/li>\n<li>Ewa Szyc-Daniel<\/li>\n<li>Halina Szymiec<\/li>\n<li>Micha\u0142 \u015aliwa<\/li>\n<li>Justyna \u015amierzchalska<\/li>\n<li>Anna \u015awiderska<\/li>\n<li>Krystyna \u015awi\u0119cicka<\/li>\n<li>Henryk \u015awi\u0119cicki<\/li>\n<li>Marlena Tadzik<\/li>\n<li>Andrzej Teinert<\/li>\n<li>Bo\u017cena Teinert<\/li>\n<li>Bo\u017cena Urbaniak<\/li>\n<li>Stefan Urbaniak<\/li>\n<li>Maria Wagi\u0144ska-Marzec<\/li>\n<li>Gra\u017cyna Wasilewska<\/li>\n<li>Lucyna Wierzbicka<\/li>\n<li>Tomasz Wierzbicki<\/li>\n<li>Izabela Wilk-Lema\u0144ska<\/li>\n<li>Maria Wi\u015bniewska<\/li>\n<li>Waldemar Wi\u015bniewski<\/li>\n<li>Barbara Wnuk<\/li>\n<li>Edwin Wnuk<\/li>\n<li>Danuta Wojtkowiak<\/li>\n<li>Marcin Zbora\u0142a<\/li>\n<li>Czes\u0142awa Zdanowska<\/li>\n<li>Anna Zi\u00f3\u0142kiewicz<\/li>\n<li>Piotr Zi\u00f3\u0142kiewicz<\/li>\n<li>Hanna \u017bywiecka<\/li>\n<li>Pawe\u0142 \u017bywiecki<\/li>\n<\/ol>\n<\/div>\n<\/div><\/div><\/div><\/div><\/div><\/div><\/div><\/div><\/div><\/div><div id=\"pg-4002-9\"  class=\"panel-grid panel-no-style\" ><div id=\"pgc-4002-9-0\"  class=\"panel-grid-cell\" ><div id=\"panel-4002-9-0-0\" class=\"so-panel widget widget_sow-editor panel-first-child\" data-index=\"18\" ><div class=\"button__friends panel-widget-style panel-widget-style-for-4002-9-0-0\" id=\"button__friends2017\" ><div\n\t\t\t\n\t\t\tclass=\"so-widget-sow-editor so-widget-sow-editor-base\"\n\t\t\t\n\t\t>\n<div class=\"siteorigin-widget-tinymce textwidget\">\n\t<p>POZNAN PHILHARMONIC FRIENDS' CLUB - <span style=\"color: #9D000E;\"><strong>Season 2017\/2018 more ><\/strong><\/span><\/p>\n<\/div>\n<\/div><\/div><\/div><div id=\"panel-4002-9-0-1\" class=\"so-panel widget widget_siteorigin-panels-builder panel-last-child\" data-index=\"19\" ><div id=\"text-button__friends2017\" class=\"panel-widget-style panel-widget-style-for-4002-9-0-1\" ><div id=\"pl-w5cf6265976a93\"  class=\"panel-layout\" ><div id=\"pg-w5cf6265976a93-0\"  class=\"panel-grid panel-no-style\" ><div id=\"pgc-w5cf6265976a93-0-0\"  class=\"panel-grid-cell\" ><div id=\"panel-w5cf6265976a93-0-0-0\" class=\"so-panel widget widget_sow-editor panel-first-child panel-last-child\" data-index=\"0\" ><div\n\t\t\t\n\t\t\tclass=\"so-widget-sow-editor so-widget-sow-editor-base\"\n\t\t\t\n\t\t>\n<div class=\"siteorigin-widget-tinymce textwidget\">\n\t<ol>\n<li>Beata Adamska<\/li>\n<li>Krystyna Andrzejewska<\/li>\n<li>Izabela Andrzejewska<\/li>\n<li>Janusz Bachmi\u0144ski<\/li>\n<li>Jadwiga Badzi\u0144ska<\/li>\n<li>Urszula Bak<\/li>\n<li>Bogumi\u0142 Bard<\/li>\n<li>Krystyna Berezowska-Apolinarska<\/li>\n<li>Leopold Berkowski<\/li>\n<li>S\u0142awomir Bi\u0142ozor<\/li>\n<li>Urszula Bi\u0142ozor<\/li>\n<li>Anna Borowicz<\/li>\n<li>Katarzyna Bortz-Dylewicz<\/li>\n<li>Magdalena Borysiak<\/li>\n<li>Alina Cieciora<\/li>\n<li>Maciej Cieciora<\/li>\n<li>Andrzej Cie\u015bli\u0144ski<\/li>\n<li>Gra\u017cyna Cywi\u0144ska-Wasilewska<\/li>\n<li>Marek Daniel<\/li>\n<li>Ma\u0142gorzata Dryjska-\u0141o\u017cy\u0144ska<\/li>\n<li>Ewa Durasiewicz<\/li>\n<li>Lechos\u0142aw Dworak<\/li>\n<li>Zbigniew Kazimierz Dworak<\/li>\n<li>Krystyna Dworzecka<\/li>\n<li>Maciej Dworzecki<\/li>\n<li>Piotr Dylewicz<\/li>\n<li>Anna Dziarmaga<\/li>\n<li>Mieczys\u0142aw Dziarmaga<\/li>\n<li>Ewa Flieger<\/li>\n<li>Ludomira Galewska<\/li>\n<li>Jolanta Gaw\u0119cka<\/li>\n<li>Jan Gaw\u0119cki<\/li>\n<li>Barbara Goli\u0144ska<\/li>\n<li>Piotr Goli\u0144ski<\/li>\n<li>Alicja Gorlas<\/li>\n<li>Jan Gorlas<\/li>\n<li>Gra\u017cyna Gorynia<\/li>\n<li>Marian Gorynia<\/li>\n<li>Dominik G\u00f3rny<\/li>\n<li>Krystyna Huminiecka<\/li>\n<li>Halina Jacyna-Onyszkiewicz<\/li>\n<li>Pawe\u0142 Janaszek<\/li>\n<li>Eugeniusz Jarosik<\/li>\n<li>Tatiana Jarosik<\/li>\n<li>Maria Jurga<\/li>\n<li>Stefan Jurga<\/li>\n<li>Alicja Kaliszewska<\/li>\n<li>Kalikst Kaliszewski<\/li>\n<li>Anna Kapturska<\/li>\n<li>Przemys\u0142aw Kapturski<\/li>\n<li>Wies\u0142awa Kapu\u015bci\u0144ska<\/li>\n<li>Andrzej Kapu\u015bci\u0144ski<\/li>\n<li>El\u017cbieta Kasprzak-Meixner<\/li>\n<li>Barbara Kocha\u0144ska<\/li>\n<li>Iwona Kompt<\/li>\n<li>Aleksander Kompt<\/li>\n<li>Andrzej Konarkowski<\/li>\n<li>Maria Kostka-Wach<\/li>\n<li>Maria Kowalczyk<\/li>\n<li>Tobiasz Kowalczyk<\/li>\n<li>Andrzej Krajewski<\/li>\n<li>Anna Kruszewska<\/li>\n<li>Wojciech Kruszewski<\/li>\n<li>El\u017cbieta Krzewi\u0144ska<\/li>\n<li>El\u017cbieta Krzysztoporska-Czarnecka<\/li>\n<li>Ewa Krzy\u017cag\u00f3rska<\/li>\n<li>Piotr Krzy\u017cag\u00f3rski<\/li>\n<li>Danuta Kurzawska<\/li>\n<li>Karol Kurzawski<\/li>\n<li>Barbara Kwartalska<\/li>\n<li>Jerzy Kwartalski<\/li>\n<li>Mieczys\u0142aw Lema\u0144ski<\/li>\n<li>Arleta Lewi\u0144ska<\/li>\n<li>Adela \u0141abuzi\u0144ska<\/li>\n<li>Katarzyna \u0141\u0105cka<\/li>\n<li>Wit \u0141o\u017cy\u0144ski<\/li>\n<li>Swiet\u0142ana \u0141ukaszewska<\/li>\n<li>Natalia \u0141ukaszewska-Skrzypniak<\/li>\n<li>Lucyna Malska<\/li>\n<li>Maria Ma\u0144kowska<\/li>\n<li>Andrzej Ma\u0144kowski<\/li>\n<li>Wojciech Meixner<\/li>\n<li>Hanna Michalak<\/li>\n<li>Marek Michalak<\/li>\n<li>Danuta Michalska<\/li>\n<li>Zygmunt Michalski<\/li>\n<li>Jan Misiorny<\/li>\n<li>Gra\u017cyna Misiorny<\/li>\n<li>Renata Mizeraczyk<\/li>\n<li>Dorota M\u0142odziejowska<\/li>\n<li>Renata M\u0142ynarczyk<\/li>\n<li>Krzysztof M\u0142ynarczyk<\/li>\n<\/ol>\n<\/div>\n<\/div><\/div><\/div><div id=\"pgc-w5cf6265976a93-0-1\"  class=\"panel-grid-cell\" ><div id=\"panel-w5cf6265976a93-0-1-0\" class=\"so-panel widget widget_sow-editor panel-first-child panel-last-child\" data-index=\"1\" ><div class=\"panel-widget-style panel-widget-style-for-w5cf6265976a93-0-1-0\" ><div\n\t\t\t\n\t\t\tclass=\"so-widget-sow-editor so-widget-sow-editor-base\"\n\t\t\t\n\t\t>\n<div class=\"siteorigin-widget-tinymce textwidget\">\n\t<ol start=\"93\">\n<li>Edyta Nowak<\/li>\n<li>Stanis\u0142aw Nowak<\/li>\n<li>Danuta Nowicka<\/li>\n<li>Edward Nowicki<\/li>\n<li>Przemys\u0142aw Olejnik<\/li>\n<li>Leszek Pacholski<\/li>\n<li>Grzegorz Palacz<\/li>\n<li>Roman Palacz<\/li>\n<li>Dorota Paw\u0142owska<\/li>\n<li>Wojciech Paw\u0142owski<\/li>\n<li>Beata Pi\u0105tek<\/li>\n<li>Jacek Pi\u0105tek<\/li>\n<li>Iwona Piszczek<\/li>\n<li>Danuta Plackowska<\/li>\n<li>Maria Plackowska<\/li>\n<li>Wanda Po\u0142czy\u0144ska<\/li>\n<li>Bo\u017cena Popowska<\/li>\n<li>Jerzy Pr\u00f3chniewicz<\/li>\n<li>Maria Przychodzka<\/li>\n<li>Wies\u0142awa Pukacka<\/li>\n<li>Krystyna Raczkowska<\/li>\n<li>Hanna Rafi\u0144ska-Riedel<\/li>\n<li>Janusz Rajewski<\/li>\n<li>Barbara Ratajczak<\/li>\n<li>Maciej Ratajczak<\/li>\n<li>Ma\u0142gorzata Rezler<\/li>\n<li>Marek Rezler<\/li>\n<li>Reinhard Riedel<\/li>\n<li>Barbara Rodziewicz-Pospiech<\/li>\n<li>Barbara Rojna<\/li>\n<li>Grzegorz Romanowski<\/li>\n<li>Andrzej Roszkiewicz<\/li>\n<li>Maria Rudawska<\/li>\n<li>Anna Serafinowska Kie\u0142czewska<\/li>\n<li>Barbara Siwi\u0144ska<\/li>\n<li>Barbara Skibska<\/li>\n<li>Jan Skibski<\/li>\n<li>Teresa Sobczak<\/li>\n<li>Anna So\u0142tysi\u0144ska<\/li>\n<li>Anna Songaj\u0142o<\/li>\n<li>Beata Sowi\u0144ska<\/li>\n<li>Jerzy Sowi\u0144ski<\/li>\n<li>Monika Stachurska<\/li>\n<li>Jacek Stefaniak<\/li>\n<li>W\u0142odzimierz Stolzmann<\/li>\n<li>Regina Szafer<\/li>\n<li>Irena Szalaty<\/li>\n<li>Grzegorz Szalaty<\/li>\n<li>Ewa Szulczewska<\/li>\n<li>Szymon Szulczewski<\/li>\n<li>Ewa Szyc-Daniel<\/li>\n<li>Irena Szyma\u0144ska<\/li>\n<li>Micha\u0142 \u015aliwa<\/li>\n<li>Justyna \u015amierzchalska<\/li>\n<li>Anna \u015awiderska<\/li>\n<li>Krystyna \u015awi\u0119cicka<\/li>\n<li>Henryk \u015awi\u0119cicki<\/li>\n<li>Marlena Tadzik<\/li>\n<li>Andrzej Teinert<\/li>\n<li>Bo\u017cena Teinert<\/li>\n<li>Bo\u017cena Urbaniak<\/li>\n<li>Maria Wagi\u0144ska-Marzec<\/li>\n<li>Ma\u0142gorzata Walig\u00f3rska<\/li>\n<li>Przemys\u0142aw Walig\u00f3rski<\/li>\n<li>Lucyna Wierzbicka<\/li>\n<li>Tomasz Wierzbicki<\/li>\n<li>Izabela Wilk-Lema\u0144ska<\/li>\n<li>Maria Wi\u015bniewska<\/li>\n<li>Waldemar Wi\u015bniewski<\/li>\n<li>Barbara Wnuk<\/li>\n<li>Edwin Wnuk<\/li>\n<li>Danuta Wojtkowiak<\/li>\n<li>Danuta Wolfram-Romanowska<\/li>\n<li>Ewa Wolniewicz-Bard<\/li>\n<li>Marian Zbora\u0142a<\/li>\n<li>Czes\u0142awa Zdanowska<\/li>\n<li>Pawe\u0142 Zi\u0119tek<\/li>\n<li>Anna Zi\u00f3\u0142kiewicz<\/li>\n<li>Piotr Zi\u00f3\u0142kiewicz<\/li>\n<li>Beata Zi\u00f3\u0142kowska<\/li>\n<li>Krzysztof Zi\u00f3\u0142kowski<\/li>\n<li>Hanna \u017bywiecka<\/li>\n<li>Pawe\u0142 \u017bywiecki<\/li>\n<\/ol>\n<\/div>\n<\/div><\/div><\/div><\/div><\/div><\/div><\/div><\/div><\/div><\/div><div id=\"pg-4002-10\"  class=\"panel-grid panel-no-style\" ><div id=\"pgc-4002-10-0\"  class=\"panel-grid-cell\" ><div id=\"panel-4002-10-0-0\" class=\"so-panel widget widget_sow-editor panel-first-child\" data-index=\"20\" ><div class=\"button__friends panel-widget-style panel-widget-style-for-4002-10-0-0\" id=\"button__friends2016\" ><div\n\t\t\t\n\t\t\tclass=\"so-widget-sow-editor so-widget-sow-editor-base\"\n\t\t\t\n\t\t>\n<div class=\"siteorigin-widget-tinymce textwidget\">\n\t<p>POZNAN PHILHARMONIC FRIENDS' CLUB - <span style=\"color: #9D000E;\"><strong>Season 2016\/2017 more ><\/strong><\/span><\/p>\n<\/div>\n<\/div><\/div><\/div><div id=\"panel-4002-10-0-1\" class=\"so-panel widget widget_siteorigin-panels-builder panel-last-child\" data-index=\"21\" ><div id=\"text-button__friends2016\" class=\"panel-widget-style panel-widget-style-for-4002-10-0-1\" ><div id=\"pl-w5cf6265976dff\"  class=\"panel-layout\" ><div id=\"pg-w5cf6265976dff-0\"  class=\"panel-grid panel-no-style\" ><div id=\"pgc-w5cf6265976dff-0-0\"  class=\"panel-grid-cell\" ><div id=\"panel-w5cf6265976dff-0-0-0\" class=\"so-panel widget widget_sow-editor panel-first-child panel-last-child\" data-index=\"0\" ><div\n\t\t\t\n\t\t\tclass=\"so-widget-sow-editor so-widget-sow-editor-base\"\n\t\t\t\n\t\t>\n<div class=\"siteorigin-widget-tinymce textwidget\">\n\t<ol>\n<li>Beata Adamska<\/li>\n<li>Zofia Andrzejak<\/li>\n<li>Krystyna Andrzejewska<\/li>\n<li>Joanna Augustyniak<\/li>\n<li>Jadwiga Badzi\u0144ska<\/li>\n<li>Urszula Bak<\/li>\n<li>Maria Barinow-Wojew\u00f3dzka<\/li>\n<li>Aleksander Barinow-Wojew\u00f3dzki<\/li>\n<li>Krystyna Berezowska-Apolinarska<\/li>\n<li>Leopold Berkowski<\/li>\n<li>Hanna Bia\u0142as<\/li>\n<li>Urszula Bi\u0142ozor<\/li>\n<li>S\u0142awomir Bi\u0142ozor<\/li>\n<li>Anna Bojanowska-Juste<\/li>\n<li>Anna Borowicz<\/li>\n<li>Katarzyna Bortz-Dylewicz<\/li>\n<li>Magdalena Borysiak<\/li>\n<li>Alina Cieciora<\/li>\n<li>Maciej Cieciora<\/li>\n<li>Maria Ciemniewska<\/li>\n<li>Andrzej Cie\u015bli\u0144ski<\/li>\n<li>Gra\u017cyna Cywi\u0144ska-Wasilewska<\/li>\n<li>Marek Daniel<\/li>\n<li>Ma\u0142gorzata Dryjska-\u0141o\u017cy\u0144ska<\/li>\n<li>Ewa Durasiewicz<\/li>\n<li>Anna Dworak<\/li>\n<li>Lechos\u0142aw Dworak<\/li>\n<li>Krystyna Dworzecka<\/li>\n<li>Maciej Dworzecki<\/li>\n<li>Ewa Flieger<\/li>\n<li>Ludomira Galewska<\/li>\n<li>Christoph Garschynski<\/li>\n<li>Barbara Goli\u0144ska<\/li>\n<li>Piotr Goli\u0144ski<\/li>\n<li>Alicja Gorlas<\/li>\n<li>Jan Gorlas<\/li>\n<li>Gra\u017cyna Gorynia<\/li>\n<li>Marian Gorynia<\/li>\n<li>Krystyna Huminiecka<\/li>\n<li>Halina Jacyna-Onyszkiewicz<\/li>\n<li>Eleonora Janas<\/li>\n<li>Jerzy Jankowski<\/li>\n<li>Eugeniusz Jarosik<\/li>\n<li>Tatiana Jarosik<\/li>\n<li>Ilona Kalfas<\/li>\n<li>Alicja Kaliszewska<\/li>\n<li>Kalikst Kaliszewski<\/li>\n<li>Bogumi\u0142a Kaniewska<\/li>\n<li>Anna Kapturska<\/li>\n<li>Przemys\u0142aw Kapturski<\/li>\n<li>Barbara Kocha\u0144ska<\/li>\n<li>Stefan Ko\u0142tu\u0144ski<\/li>\n<li>Ewa Konys<\/li>\n<li>Maria Kostka-Wach<\/li>\n<li>Tobiasz Kowalczyk<\/li>\n<li>Maria Kowlaczyk<\/li>\n<li>Andrzej Krajewski<\/li>\n<li>Anna Kruszewska<\/li>\n<li>Wojciech Kruszewski<\/li>\n<li>El\u017cbieta Krzewi\u0144ska<\/li>\n<li>Ewa Krzy\u017cag\u00f3rska<\/li>\n<li>Piotr Krzy\u017cag\u00f3rski<\/li>\n<li>Danuta Kurzawska<\/li>\n<li>Karol Kurzawski<\/li>\n<li>Barbara Kwartalska<\/li>\n<li>Jerzy Kwartalski<\/li>\n<li>Mieczys\u0142aw Lema\u0144ski<\/li>\n<li>Danuta Lenart-Jankowska<\/li>\n<li>Arleta Lewi\u0144ska<\/li>\n<li>Barbara Lisiecka<\/li>\n<li>Stanis\u0142aw Lisiecki<\/li>\n<li>Ma\u0142gorzata Ludzkowska<\/li>\n<li>Adela \u0141abuzi\u0144ska<\/li>\n<li>Katarzyna \u0141\u0105cka<\/li>\n<li>Wit \u0141o\u017cy\u0144ski<\/li>\n<li>Lucyna Malska<\/li>\n<li>Maria Ma\u0144kowska<\/li>\n<li>Andrzej Ma\u0144kowski<\/li>\n<li>Maciej Mazur<\/li>\n<li>Hanna Michalak<\/li>\n<li>Marek Michalak<\/li>\n<li>Jan Misiorny<\/li>\n<li>Gra\u017cyna Misiorny<\/li>\n<li>Renata Mizeraczyk<\/li>\n<li>Dorota M\u0142odziejowska<\/li>\n<\/ol>\n<\/div>\n<\/div><\/div><\/div><div id=\"pgc-w5cf6265976dff-0-1\"  class=\"panel-grid-cell\" ><div id=\"panel-w5cf6265976dff-0-1-0\" class=\"so-panel widget widget_sow-editor panel-first-child panel-last-child\" data-index=\"1\" ><div class=\"panel-widget-style panel-widget-style-for-w5cf6265976dff-0-1-0\" ><div\n\t\t\t\n\t\t\tclass=\"so-widget-sow-editor so-widget-sow-editor-base\"\n\t\t\t\n\t\t>\n<div class=\"siteorigin-widget-tinymce textwidget\">\n\t<ol start=\"86\">\n<li>Krzysztof M\u0142ynarczyk<\/li>\n<li>Renata M\u0142ynarczyk<\/li>\n<li>Zbigniewa Nowodworska<\/li>\n<li>Magdalena Okpisz<\/li>\n<li>Andrzej Okpisz<\/li>\n<li>Przemys\u0142aw Olejnik<\/li>\n<li>Zofia Or\u0142owska-Drabowicz<\/li>\n<li>Leszek Pacholski<\/li>\n<li>Grzegorz Palacz<\/li>\n<li>Agata Pasternak<\/li>\n<li>Dorota Paw\u0142owska<\/li>\n<li>Wojciech Paw\u0142owski<\/li>\n<li>Beata Pi\u0105tek<\/li>\n<li>Jacek Pi\u0105tek<\/li>\n<li>Maria Plackowska<\/li>\n<li>Danuta Plackowska<\/li>\n<li>Jerzy Pr\u00f3chniewicz<\/li>\n<li>Maria Przychodzka<\/li>\n<li>Wies\u0142awa Pukacka<\/li>\n<li>Ewa Raczak<\/li>\n<li>Jadwiga Ratajczak<\/li>\n<li>Marek Rezler<\/li>\n<li>Ma\u0142gorzata Rezler<\/li>\n<li>Reinhard Riedel<\/li>\n<li>Barbara Rojna<\/li>\n<li>Grzegorz Romanowski<\/li>\n<li>Andrzej Roszkiewicz<\/li>\n<li>Maria Rudawska<\/li>\n<li>Anna Sangaj\u0142o<\/li>\n<li>Urszula Sawczyn<\/li>\n<li>Pawe\u0142 Sawczyn<\/li>\n<li>Barbara Skibska<\/li>\n<li>Jan Skibski<\/li>\n<li>Wanda Skrobisz<\/li>\n<li>Ewa Smaga<\/li>\n<li>Anna So\u0142tysi\u0144ska<\/li>\n<li>Beata Sowi\u0144ska<\/li>\n<li>Jerzy Sowi\u0144ski<\/li>\n<li>Monika Stachurska<\/li>\n<li>Jacek Stefaniak<\/li>\n<li>W\u0142odzimierz Stolzman<\/li>\n<li>Katarzyna Szafra\u0144ska<\/li>\n<li>Wojciech Szafra\u0144ski<\/li>\n<li>Irena Szalaty<\/li>\n<li>Grzegorz Szalaty<\/li>\n<li>Ewa Szulczewska<\/li>\n<li>Szymon Szulczewski<\/li>\n<li>Ewa Szyc-Daniel<\/li>\n<li>Irena Szyma\u0144ska<\/li>\n<li>Micha\u0142 \u015aliwa<\/li>\n<li>Justyna \u015amierzchalska<\/li>\n<li>Anna \u015awiderska<\/li>\n<li>Krystyna \u015awi\u0119cicka<\/li>\n<li>Henryk \u015awi\u0119cicki<\/li>\n<li>Marlena Tadzik<\/li>\n<li>Andrzej Teinert<\/li>\n<li>Bo\u017cena Teinert<\/li>\n<li>Aleksandra Toczko<\/li>\n<li>Renata Tomaszewska<\/li>\n<li>Wojciech Tomaszewski<\/li>\n<li>Bo\u017cena Urbaniak<\/li>\n<li>Maria Wagi\u0144ska-Marzec<\/li>\n<li>Lucyna Wierzbicka<\/li>\n<li>Tomasz Wierzbicki<\/li>\n<li>Izabela Wilk-Lema\u0144ska<\/li>\n<li>Maria Wi\u015bniewska<\/li>\n<li>Waldemar Wi\u015bniewski<\/li>\n<li>Danuta Wojtkowiak<\/li>\n<li>Danuta Wolfram-Romanowska<\/li>\n<li>Marian Zbora\u0142a<\/li>\n<li>Czes\u0142awa Zdanowska<\/li>\n<li>Beata Zi\u0119ba<\/li>\n<li>Pawe\u0142 Zi\u0119tek<\/li>\n<li>Beata Zi\u00f3\u0142kowska<\/li>\n<li>Krzysztof Zi\u00f3\u0142kowski<\/li>\n<li>Barbara \u017bywiecka<\/li>\n<li>Pawe\u0142 \u017bywiecki<\/li>\n<\/ol>\n<\/div>\n<\/div><\/div><\/div><\/div><\/div><\/div><\/div><\/div><\/div><\/div><div id=\"pg-4002-11\"  class=\"panel-grid panel-no-style\" ><div id=\"pgc-4002-11-0\"  class=\"panel-grid-cell\" ><div id=\"panel-4002-11-0-0\" class=\"so-panel widget widget_sow-editor panel-first-child\" data-index=\"22\" ><div class=\"button__friends panel-widget-style panel-widget-style-for-4002-11-0-0\" id=\"button__friends2015\" ><div\n\t\t\t\n\t\t\tclass=\"so-widget-sow-editor so-widget-sow-editor-base\"\n\t\t\t\n\t\t>\n<div class=\"siteorigin-widget-tinymce textwidget\">\n\t<p>POZNAN PHILHARMONIC FRIENDS' CLUB - <span style=\"color: #9D000E;\"><strong>Season 2015\/2016 more ><\/strong><\/span><\/p>\n<\/div>\n<\/div><\/div><\/div><div id=\"panel-4002-11-0-1\" class=\"so-panel widget widget_siteorigin-panels-builder panel-last-child\" data-index=\"23\" ><div id=\"text-button__friends2015\" class=\"panel-widget-style panel-widget-style-for-4002-11-0-1\" ><div id=\"pl-w5cf6259f0d4f8\"  class=\"panel-layout\" ><div id=\"pg-w5cf6259f0d4f8-0\"  class=\"panel-grid panel-no-style\" ><div id=\"pgc-w5cf6259f0d4f8-0-0\"  class=\"panel-grid-cell\" ><div id=\"panel-w5cf6259f0d4f8-0-0-0\" class=\"so-panel widget widget_sow-editor panel-first-child panel-last-child\" data-index=\"0\" ><div\n\t\t\t\n\t\t\tclass=\"so-widget-sow-editor so-widget-sow-editor-base\"\n\t\t\t\n\t\t>\n<div class=\"siteorigin-widget-tinymce textwidget\">\n\t<ol>\n<li>Beata Adamska<\/li>\n<li>Urszula Bak<\/li>\n<li>Bogumi\u0142 Bard<\/li>\n<li>Krystyna Berezowska-Apolinarska<\/li>\n<li>Leopold Berkowski<\/li>\n<li>S\u0142awomir Bi\u0142ozor<\/li>\n<li>Urszula Bi\u0142ozor<\/li>\n<li>Anna Borowicz<\/li>\n<li>Ryszard Borowski<\/li>\n<li>Magdalena Borysiak<\/li>\n<li>Alina Cieciora<\/li>\n<li>Ilona Cieciora<\/li>\n<li>Maciej Cieciora<\/li>\n<li>Micha\u0142 Cieciora<\/li>\n<li>Maria Ciemniewska<\/li>\n<li>Andrzej Cie\u015bli\u0144ski<\/li>\n<li>Joanna Cybulska-Augustyniak<\/li>\n<li>Gra\u017cyna Cywi\u0144ska \u2013 Wasilewska<\/li>\n<li>Marek Daniel<\/li>\n<li>Ewa Durasiewicz<\/li>\n<li>Anna Dworak<\/li>\n<li>Lechos\u0142aw Dworak<\/li>\n<li>Krystyna Dworzecka<\/li>\n<li>Maciej Dworzecki<\/li>\n<li>Katarzyna Dylewicz<\/li>\n<li>Piotr Dylewicz<\/li>\n<li>Ewa Flieger<\/li>\n<li>Ludomira Galewska<\/li>\n<li>Ma\u0142gorzata Gardzielewicz-Pestka<\/li>\n<li>Maria Glinka<\/li>\n<li>Ewa Glinka - K\u0142odawska<\/li>\n<li>Barbara Goli\u0144ska<\/li>\n<li>Piotr Goli\u0144ski<\/li>\n<li>Alicja Gorlas<\/li>\n<li>Jan Gorlas<\/li>\n<li>Peter Haase<\/li>\n<li>Krystyna Huminiecka<\/li>\n<li>Halina Jacyna Onyszkiewicz<\/li>\n<li>Klaudia Jakubowska<\/li>\n<li>Eleonora Janas<\/li>\n<li>Jerzy Jankowski<\/li>\n<li>Eugeniusz Jarosik<\/li>\n<li>Stefan Jurga<\/li>\n<li>Alicja Kaliszewska<\/li>\n<li>Kalikst Kaliszewski<\/li>\n<li>Anna Kijowska<\/li>\n<li>Barbara Kocha\u0144ska<\/li>\n<li>Maria Kostka-Wach<\/li>\n<li>Maria Kowalczyk<\/li>\n<li>Tobiasz Kowalczyk<\/li>\n<li>Anna Kruszewska<\/li>\n<li>Wojciech Kruszewski<\/li>\n<li>El\u017cbieta Krzewi\u0144ska<\/li>\n<li>Agnieszka Libner<\/li>\n<li>Barbara Lisiecka<\/li>\n<li>Stanis\u0142aw Lisiecki<\/li>\n<li>Adela \u0141abuzi\u0144ska<\/li>\n<li>Swiet\u0142ana \u0141ukaszewska<\/li>\n<li>Natalia \u0141ukaszewska-Skrzypniak<\/li>\n<li>Lucyna Malska<\/li>\n<li>Anna Ma\u0142dzi\u0144ska<\/li>\n<li>Leszek Ma\u0142dzi\u0144ski<\/li>\n<li>Barbara Ma\u0142ecka<\/li>\n<li>Ma\u0142gorzata Ma\u0144ka<\/li>\n<li>Iwona Matuszewska<\/li>\n<li>Lucyna M\u0105czy\u0144ska<\/li>\n<li>Hanna Michalak<\/li>\n<li>Marek Michalak<\/li>\n<li>Renata Mizeraczyk<\/li>\n<li>Dorota M\u0142odziejowska<\/li>\n<li>Renata M\u0142ynarczyk<\/li>\n<li>Krzysztof M\u0142ynarczyk<\/li>\n<\/ol>\n<\/div>\n<\/div><\/div><\/div><div id=\"pgc-w5cf6259f0d4f8-0-1\"  class=\"panel-grid-cell\" ><div id=\"panel-w5cf6259f0d4f8-0-1-0\" class=\"so-panel widget widget_sow-editor panel-first-child panel-last-child\" data-index=\"1\" ><div\n\t\t\t\n\t\t\tclass=\"so-widget-sow-editor so-widget-sow-editor-base\"\n\t\t\t\n\t\t>\n<div class=\"siteorigin-widget-tinymce textwidget\">\n\t<ol start=\"73\">\n<li>Magdalena Okpisz<\/li>\n<li>Andrzej Okpisz<\/li>\n<li>Przemys\u0142aw Olejnik<\/li>\n<li>Zofia Or\u0142owska - Drabowicz<\/li>\n<li>Magdalena Osterreich<\/li>\n<li>Dorota Paw\u0142owska<\/li>\n<li>Wojciech Paw\u0142owski<\/li>\n<li>Beata Pi\u0105tek<\/li>\n<li>Jacek Pi\u0105tek<\/li>\n<li>Danuta Plackowska<\/li>\n<li>Maria Plackowska<\/li>\n<li>Wanda Po\u0142czy\u0144ska<\/li>\n<li>Bo\u017cena Popowska<\/li>\n<li>Marek Pospiech<\/li>\n<li>Jerzy Pr\u00f3chniewicz<\/li>\n<li>Maria Przychodzka<\/li>\n<li>Wies\u0142awa Pukacka<\/li>\n<li>Hanna Rafi\u0144ska-Riedel<\/li>\n<li>Maciej Ratajczak<\/li>\n<li>Jadwiga Ratajczak<\/li>\n<li>Ma\u0142gorzata Rezler<\/li>\n<li>Marek Rezler<\/li>\n<li>Barbara Rodziewicz-Pospiech<\/li>\n<li>Barbara Rojna<\/li>\n<li>Grzegorz Romanowski<\/li>\n<li>Andrzej Roszkiewicz<\/li>\n<li>Maria Rudawska<\/li>\n<li>Barbara Skibska<\/li>\n<li>Jan Skibski<\/li>\n<li>Anna Songaj\u0142o<\/li>\n<li>Beata Sowi\u0144ska<\/li>\n<li>Jerzy Sowi\u0144ski<\/li>\n<li>Monika Stachurska<\/li>\n<li>W\u0142odzimierz Stolzman<\/li>\n<li>Katarzyna Szafra\u0144ska<\/li>\n<li>Wojciech Szafra\u0144ski<\/li>\n<li>Maciej Szcz\u0119sny - Wielgosz<\/li>\n<li>Ewa Szulczewska<\/li>\n<li>Szymon Szulczewski<\/li>\n<li>Ewa Szyc-Daniel<\/li>\n<li>Irena Szyma\u0144ska<\/li>\n<li>Justyna \u015amierzchalska<\/li>\n<li>Anna \u015awiderska<\/li>\n<li>Krystyna \u015awi\u0119cicka<\/li>\n<li>Henryk \u015awi\u0119cicki<\/li>\n<li>Marlena Tadzik<\/li>\n<li>Andrzej Teinert<\/li>\n<li>Bo\u017cena Teinert<\/li>\n<li>Aleksandra Toczko<\/li>\n<li>Maria Wagi\u0144ska-Marzec<\/li>\n<li>Antoni Wielgosz<\/li>\n<li>Katarzyna Wielgosz<\/li>\n<li>Lucyna Wierzbicka<\/li>\n<li>Tomasz Wierzbicki<\/li>\n<li>Maria Wi\u015bniewska<\/li>\n<li>Waldemar Wi\u015bniewski<\/li>\n<li>Danuta Wojtkowiak<\/li>\n<li>Ewa Wolniewicz \u2013 Bard<\/li>\n<li>Dorota Wro\u0144ska - Pilarek<\/li>\n<li>Marian Zbora\u0142a<\/li>\n<li>Beata Zi\u0119ba<\/li>\n<li>Pawe\u0142 Zi\u0119tek<\/li>\n<li>Hanna \u017bywiecka<\/li>\n<li>Pawe\u0142 \u017bywiecki<\/li>\n<\/ol>\n<\/div>\n<\/div><\/div><\/div><\/div><\/div><\/div><\/div><\/div><\/div><div id=\"pg-4002-12\"  class=\"panel-grid panel-no-style\" ><div id=\"pgc-4002-12-0\"  class=\"panel-grid-cell\" ><div id=\"panel-4002-12-0-0\" class=\"so-panel widget widget_sow-editor panel-first-child\" data-index=\"24\" ><div class=\"button__friends panel-widget-style panel-widget-style-for-4002-12-0-0\" id=\"button__friends2014\" ><div\n\t\t\t\n\t\t\tclass=\"so-widget-sow-editor so-widget-sow-editor-base\"\n\t\t\t\n\t\t>\n<div class=\"siteorigin-widget-tinymce textwidget\">\n\t<p>POZNAN PHILHARMONIC FRIENDS' CLUB - <span style=\"color: #9D000E;\"><strong>Season 2014\/2015 more ><\/strong><\/span><\/p>\n<\/div>\n<\/div><\/div><\/div><div id=\"panel-4002-12-0-1\" class=\"so-panel widget widget_siteorigin-panels-builder panel-last-child\" data-index=\"25\" ><div id=\"text-button__friends2014\" class=\"panel-widget-style panel-widget-style-for-4002-12-0-1\" ><div id=\"pl-w5cf6259f0dcb0\"  class=\"panel-layout\" ><div id=\"pg-w5cf6259f0dcb0-0\"  class=\"panel-grid panel-no-style\" ><div id=\"pgc-w5cf6259f0dcb0-0-0\"  class=\"panel-grid-cell\" ><div id=\"panel-w5cf6259f0dcb0-0-0-0\" class=\"so-panel widget widget_sow-editor panel-first-child panel-last-child\" data-index=\"0\" ><div\n\t\t\t\n\t\t\tclass=\"so-widget-sow-editor so-widget-sow-editor-base\"\n\t\t\t\n\t\t>\n<div class=\"siteorigin-widget-tinymce textwidget\">\n\t<ol>\n<li>Beata Adamska<\/li>\n<li>Krystyna Andrzejewska<\/li>\n<li>Joanna Augustyniak<\/li>\n<li>Jadwiga Badzi\u0144ska<\/li>\n<li>Ewa Baran<\/li>\n<li>Maria Barinow-Wojew\u00f3dzka<\/li>\n<li>Aleksander Barinow-Wojew\u00f3dzki<\/li>\n<li>Krystyna Berezowska-Apolinarska<\/li>\n<li>Leopold Berkowski<\/li>\n<li>S\u0142awomir Bi\u0142ozor<\/li>\n<li>Urszula Bi\u0142ozor<\/li>\n<li>Anna Bojanowska-Juste<\/li>\n<li>Anna Borowicz<\/li>\n<li>Ryszard Borowski<\/li>\n<li>Magdalena Borysiak<\/li>\n<li>Andrzej Byrt<\/li>\n<li>Ma\u0142gorzata Byrt<\/li>\n<li>Alina Cieciora<\/li>\n<li>Ilona Cieciora<\/li>\n<li>Maciej Cieciora<\/li>\n<li>Micha\u0142 Cieciora<\/li>\n<li>Maria Ciemniewska<\/li>\n<li>B\u0142a\u017cej Ciesielczyk<\/li>\n<li>Jolanta Ciesielczyk<\/li>\n<li>Marek Daniel<\/li>\n<li>Krystyna Dudzi\u0144ska<\/li>\n<li>Ewa Durasiewicz<\/li>\n<li>Anna Dworak<\/li>\n<li>Lechos\u0142aw Dworak<\/li>\n<li>Katarzyna Dylewicz<\/li>\n<li>Piotr Dylewicz<\/li>\n<li>Ewa Flieger<\/li>\n<li>Ludomira Galewska<\/li>\n<li>Barbara Goli\u0144ska<\/li>\n<li>Piotr Goli\u0144ski<\/li>\n<li>Bernadeta Gorgol<\/li>\n<li>Agnieszka Ewa G\u00f3rna<\/li>\n<li>Dominik G\u00f3rny<\/li>\n<li>Zygmunt G\u00f3rny<\/li>\n<li>Krystyna Huminiecka<\/li>\n<li>Halina Jacyna Onyszkiewicz<\/li>\n<li>Eleonora Janas<\/li>\n<li>Jerzy Jankowski<\/li>\n<li>Eugeniusz Jarosik<\/li>\n<li>Tatiana Jarosik<\/li>\n<li>Barbara Jasi\u0144ska<\/li>\n<li>Ryszard Jasi\u0144ski<\/li>\n<li>Urszula Jorasz<\/li>\n<li>Maria Jurga<\/li>\n<li>Stefan Jurga<\/li>\n<li>Alicja Kaliszewska<\/li>\n<li>Kalikst Kaliszewski<\/li>\n<li>Ewa Konys<\/li>\n<li>Maria Kostka-Wach<\/li>\n<li>Anna Kruszewska<\/li>\n<li>Wojciech Kruszewski<\/li>\n<li>El\u017cbieta Krzewi\u0144ska<\/li>\n<li>Ewa Krzy\u017cag\u00f3rska<\/li>\n<li>Piotr Krzy\u017cag\u00f3rski<\/li>\n<li>Danuta Kurzawska<\/li>\n<li>Karol Kurzawski<\/li>\n<li>Barbara Kwartalska<\/li>\n<li>Jerzy Kwartalski<\/li>\n<li>Mieczys\u0142aw Lema\u0144ski<\/li>\n<li>Danuta Lenart-Jankowska<\/li>\n<li>Barbara Lisiecka<\/li>\n<li>Stanis\u0142aw Lisiecki<\/li>\n<li>Adela \u0141abuzi\u0144ska<\/li>\n<li>Katarzyna \u0141\u0105cka<\/li>\n<li>Swiet\u0142ana \u0141ukaszewska<\/li>\n<li>Natalia \u0141ukaszewska-Skrzypniak<\/li>\n<li>Lucyna Malska<\/li>\n<li>Leszek Ma\u0142dzi\u0144ski<\/li>\n<li>Barbara Ma\u0142ecka<\/li>\n<li>Ma\u0142gorzata Ma\u0144ka<\/li>\n<li>Andrzej Ma\u0144kowski<\/li>\n<li>El\u017cbieta Mielcarek<\/li>\n<li>Renata Mizeraczyk<\/li>\n<li>Dorota M\u0142odziejowska<\/li>\n<li>Renata M\u0142ynarczyk<\/li>\n<li>Krzysztof M\u0142ynarczyk<\/li>\n<\/ol>\n<\/div>\n<\/div><\/div><\/div><div id=\"pgc-w5cf6259f0dcb0-0-1\"  class=\"panel-grid-cell\" ><div id=\"panel-w5cf6259f0dcb0-0-1-0\" class=\"so-panel widget widget_sow-editor panel-first-child panel-last-child\" data-index=\"1\" ><div class=\"panel-widget-style panel-widget-style-for-w5cf6259f0dcb0-0-1-0\" ><div\n\t\t\t\n\t\t\tclass=\"so-widget-sow-editor so-widget-sow-editor-base\"\n\t\t\t\n\t\t>\n<div class=\"siteorigin-widget-tinymce textwidget\">\n\t<ol start=\"82\">\n<li>Zbigniewa Nowodworska<\/li>\n<li>Magdalena Okpisz<\/li>\n<li>Andrzej Okpisz<\/li>\n<li>Adam Olejnik<\/li>\n<li>Przemys\u0142aw Olejnik<\/li>\n<li>Leszek Pacholski<\/li>\n<li>Janusz Padalak<\/li>\n<li>Dorota Paw\u0142owska<\/li>\n<li>Wojciech Paw\u0142owski<\/li>\n<li>Beata Pi\u0105tek<\/li>\n<li>Jacek Pi\u0105tek<\/li>\n<li>Ewa Piechowiak<\/li>\n<li>Danuta Plackowska<\/li>\n<li>Maria Plackowska<\/li>\n<li>Wanda Po\u0142czy\u0144ska<\/li>\n<li>Bo\u017cena Popowska<\/li>\n<li>Marek Pospiech<\/li>\n<li>Jerzy Pr\u00f3chniewicz<\/li>\n<li>Maria Przychodzka<\/li>\n<li>Wies\u0142awa Pukacka<\/li>\n<li>Ewa Raczak<\/li>\n<li>Hanna Rafi\u0144ska-Riedel<\/li>\n<li>Janusz Rajewski<\/li>\n<li>Maciej Ratajczak<\/li>\n<li>Ma\u0142gorzata Rezler<\/li>\n<li>Marek Rezler<\/li>\n<li>Barbara Rodziewicz-Pospiech<\/li>\n<li>Barbara Rojna<\/li>\n<li>Grzegorz Romanowski<\/li>\n<li>Maria Rudawska<\/li>\n<li>Urszula Sawczyn<\/li>\n<li>Pawe\u0142 Sawczyn<\/li>\n<li>Eberhard Schulz<\/li>\n<li>Barbara Skibska<\/li>\n<li>Jan Skibski<\/li>\n<li>Wanda Skrobisz<\/li>\n<li>Anna Songaj\u0142o<\/li>\n<li>Monika Stachurska<\/li>\n<li>Jacek Stefaniak<\/li>\n<li>W\u0142odzimierz Stolzman<\/li>\n<li>Irena Szalaty<\/li>\n<li>Grzegorz Szalaty<\/li>\n<li>Ewa Szulczewska<\/li>\n<li>Szymon Szulczewski<\/li>\n<li>Ewa Szyc-Daniel<\/li>\n<li>Irena Szyma\u0144ska<\/li>\n<li>Micha\u0142 \u015aliwa<\/li>\n<li>Justyna \u015amierzchalska<\/li>\n<li>Anna \u015awiderska<\/li>\n<li>Krystyna \u015awi\u0119cicka<\/li>\n<li>Henryk \u015awi\u0119cicki<\/li>\n<li>Marlena Tadzik<\/li>\n<li>Andrzej Teinert<\/li>\n<li>Bo\u017cena Teinert<\/li>\n<li>Aleksandra Toczko<\/li>\n<li>Renata Tomaszewska<\/li>\n<li>Wojciech Tomaszewski<\/li>\n<li>Bo\u017cena Urbaniak<\/li>\n<li>Maria Wagi\u0144ska-Marzec<\/li>\n<li>Jolanta Walkowiak<\/li>\n<li>Izabela Wilk-Lema\u0144ska<\/li>\n<li>Maria Wi\u015bniewska<\/li>\n<li>Waldemar Wi\u015bniewski<\/li>\n<li>Danuta Wojtkowiak<\/li>\n<li>Anna Wolff- Pow\u0119ska<\/li>\n<li>Danuta Wolfram-Romanowska<\/li>\n<li>Witold Zalas<\/li>\n<li>Beata Zi\u0119ba<\/li>\n<li>Ewa Zi\u00f3\u0142kowska<\/li>\n<li>Marek Zi\u00f3\u0142kowski<\/li>\n<\/ol>\n<\/div>\n<\/div><\/div><\/div><\/div><\/div><\/div><\/div><\/div><\/div><\/div><\/div>","protected":false},"excerpt":{"rendered":"<p>The objective of the Pozna\u0144 Philharmonic Friends\u2019 Club is to gather people who are sensitive to the beauty of art, music in particular, who are ready to support the artistic aspirations of the Pozna\u0144 Philharmonic with their advice, heart, as well as regular participation in concerts and meetings with authors and artists. Each club member [&hellip;]<\/p>\n","protected":false},"author":1,"featured_media":0,"parent":3928,"menu_order":0,"comment_status":"closed","ping_status":"closed","template":"","meta":{"_acf_changed":false,"footnotes":""},"class_list":["post-4002","page","type-page","status-publish","hentry"],"acf":[],"yoast_head":"<!-- This site is optimized with the Yoast SEO plugin v27.3 - https:\/\/yoast.com\/product\/yoast-seo-wordpress\/ -->\n<title>Filharmonia Pozna\u0144ska - philharmonic friends&#039; club<\/title>\n<meta name=\"robots\" content=\"index, follow, max-snippet:-1, max-image-preview:large, max-video-preview:-1\" \/>\n<link rel=\"canonical\" href=\"https:\/\/filharmoniapoznanska.pl\/en\/philharmonic\/philharmonic-friends-club\/\" \/>\n<meta property=\"og:locale\" content=\"en_US\" \/>\n<meta property=\"og:type\" content=\"article\" \/>\n<meta property=\"og:title\" content=\"Filharmonia Pozna\u0144ska - philharmonic friends&#039; club\" \/>\n<meta property=\"og:description\" content=\"The objective of the Pozna\u0144 Philharmonic Friends\u2019 Club is to gather people who are sensitive to the beauty of art, music in particular, who are ready to support the artistic aspirations of the Pozna\u0144 Philharmonic with their advice, heart, as well as regular participation in concerts and meetings with authors and artists. Each club member [&hellip;]\" \/>\n<meta property=\"og:url\" content=\"https:\/\/filharmoniapoznanska.pl\/en\/philharmonic\/philharmonic-friends-club\/\" \/>\n<meta property=\"og:site_name\" content=\"Filharmonia Pozna\u0144ska\" \/>\n<meta property=\"article:modified_time\" content=\"2026-03-30T15:31:04+00:00\" \/>\n<meta name=\"twitter:card\" content=\"summary_large_image\" \/>\n<meta name=\"twitter:label1\" content=\"Est. reading time\" \/>\n\t<meta name=\"twitter:data1\" content=\"24 minutes\" \/>\n<script type=\"application\/ld+json\" class=\"yoast-schema-graph\">{\"@context\":\"https:\\\/\\\/schema.org\",\"@graph\":[{\"@type\":\"WebPage\",\"@id\":\"https:\\\/\\\/filharmoniapoznanska.pl\\\/en\\\/philharmonic\\\/philharmonic-friends-club\\\/\",\"url\":\"https:\\\/\\\/filharmoniapoznanska.pl\\\/en\\\/philharmonic\\\/philharmonic-friends-club\\\/\",\"name\":\"Filharmonia Pozna\u0144ska - philharmonic friends' club\",\"isPartOf\":{\"@id\":\"https:\\\/\\\/filharmoniapoznanska.pl\\\/#website\"},\"datePublished\":\"2019-01-30T08:12:53+00:00\",\"dateModified\":\"2026-03-30T15:31:04+00:00\",\"breadcrumb\":{\"@id\":\"https:\\\/\\\/filharmoniapoznanska.pl\\\/en\\\/philharmonic\\\/philharmonic-friends-club\\\/#breadcrumb\"},\"inLanguage\":\"en-US\",\"potentialAction\":[{\"@type\":\"ReadAction\",\"target\":[\"https:\\\/\\\/filharmoniapoznanska.pl\\\/en\\\/philharmonic\\\/philharmonic-friends-club\\\/\"]}]},{\"@type\":\"BreadcrumbList\",\"@id\":\"https:\\\/\\\/filharmoniapoznanska.pl\\\/en\\\/philharmonic\\\/philharmonic-friends-club\\\/#breadcrumb\",\"itemListElement\":[{\"@type\":\"ListItem\",\"position\":1,\"name\":\"Strona g\u0142\u00f3wna\",\"item\":\"https:\\\/\\\/filharmoniapoznanska.pl\\\/en\\\/\"},{\"@type\":\"ListItem\",\"position\":2,\"name\":\"Philharmonic\",\"item\":\"https:\\\/\\\/filharmoniapoznanska.pl\\\/en\\\/philharmonic\\\/\"},{\"@type\":\"ListItem\",\"position\":3,\"name\":\"philharmonic friends&#8217; club\"}]},{\"@type\":\"WebSite\",\"@id\":\"https:\\\/\\\/filharmoniapoznanska.pl\\\/#website\",\"url\":\"https:\\\/\\\/filharmoniapoznanska.pl\\\/\",\"name\":\"Filharmonia Pozna\u0144ska\",\"description\":\"\",\"potentialAction\":[{\"@type\":\"SearchAction\",\"target\":{\"@type\":\"EntryPoint\",\"urlTemplate\":\"https:\\\/\\\/filharmoniapoznanska.pl\\\/?s={search_term_string}\"},\"query-input\":{\"@type\":\"PropertyValueSpecification\",\"valueRequired\":true,\"valueName\":\"search_term_string\"}}],\"inLanguage\":\"en-US\"}]}<\/script>\n<!-- \/ Yoast SEO plugin. -->","yoast_head_json":{"title":"Filharmonia Pozna\u0144ska - philharmonic friends' club","robots":{"index":"index","follow":"follow","max-snippet":"max-snippet:-1","max-image-preview":"max-image-preview:large","max-video-preview":"max-video-preview:-1"},"canonical":"https:\/\/filharmoniapoznanska.pl\/en\/philharmonic\/philharmonic-friends-club\/","og_locale":"en_US","og_type":"article","og_title":"Filharmonia Pozna\u0144ska - philharmonic friends' club","og_description":"The objective of the Pozna\u0144 Philharmonic Friends\u2019 Club is to gather people who are sensitive to the beauty of art, music in particular, who are ready to support the artistic aspirations of the Pozna\u0144 Philharmonic with their advice, heart, as well as regular participation in concerts and meetings with authors and artists. Each club member [&hellip;]","og_url":"https:\/\/filharmoniapoznanska.pl\/en\/philharmonic\/philharmonic-friends-club\/","og_site_name":"Filharmonia Pozna\u0144ska","article_modified_time":"2026-03-30T15:31:04+00:00","twitter_card":"summary_large_image","twitter_misc":{"Est. reading time":"24 minutes"},"schema":{"@context":"https:\/\/schema.org","@graph":[{"@type":"WebPage","@id":"https:\/\/filharmoniapoznanska.pl\/en\/philharmonic\/philharmonic-friends-club\/","url":"https:\/\/filharmoniapoznanska.pl\/en\/philharmonic\/philharmonic-friends-club\/","name":"Filharmonia Pozna\u0144ska - philharmonic friends' club","isPartOf":{"@id":"https:\/\/filharmoniapoznanska.pl\/#website"},"datePublished":"2019-01-30T08:12:53+00:00","dateModified":"2026-03-30T15:31:04+00:00","breadcrumb":{"@id":"https:\/\/filharmoniapoznanska.pl\/en\/philharmonic\/philharmonic-friends-club\/#breadcrumb"},"inLanguage":"en-US","potentialAction":[{"@type":"ReadAction","target":["https:\/\/filharmoniapoznanska.pl\/en\/philharmonic\/philharmonic-friends-club\/"]}]},{"@type":"BreadcrumbList","@id":"https:\/\/filharmoniapoznanska.pl\/en\/philharmonic\/philharmonic-friends-club\/#breadcrumb","itemListElement":[{"@type":"ListItem","position":1,"name":"Strona g\u0142\u00f3wna","item":"https:\/\/filharmoniapoznanska.pl\/en\/"},{"@type":"ListItem","position":2,"name":"Philharmonic","item":"https:\/\/filharmoniapoznanska.pl\/en\/philharmonic\/"},{"@type":"ListItem","position":3,"name":"philharmonic friends&#8217; club"}]},{"@type":"WebSite","@id":"https:\/\/filharmoniapoznanska.pl\/#website","url":"https:\/\/filharmoniapoznanska.pl\/","name":"Filharmonia Pozna\u0144ska","description":"","potentialAction":[{"@type":"SearchAction","target":{"@type":"EntryPoint","urlTemplate":"https:\/\/filharmoniapoznanska.pl\/?s={search_term_string}"},"query-input":{"@type":"PropertyValueSpecification","valueRequired":true,"valueName":"search_term_string"}}],"inLanguage":"en-US"}]}},"_links":{"self":[{"href":"https:\/\/filharmoniapoznanska.pl\/en\/wp-json\/wp\/v2\/pages\/4002","targetHints":{"allow":["GET"]}}],"collection":[{"href":"https:\/\/filharmoniapoznanska.pl\/en\/wp-json\/wp\/v2\/pages"}],"about":[{"href":"https:\/\/filharmoniapoznanska.pl\/en\/wp-json\/wp\/v2\/types\/page"}],"author":[{"embeddable":true,"href":"https:\/\/filharmoniapoznanska.pl\/en\/wp-json\/wp\/v2\/users\/1"}],"replies":[{"embeddable":true,"href":"https:\/\/filharmoniapoznanska.pl\/en\/wp-json\/wp\/v2\/comments?post=4002"}],"version-history":[{"count":237,"href":"https:\/\/filharmoniapoznanska.pl\/en\/wp-json\/wp\/v2\/pages\/4002\/revisions"}],"predecessor-version":[{"id":37042,"href":"https:\/\/filharmoniapoznanska.pl\/en\/wp-json\/wp\/v2\/pages\/4002\/revisions\/37042"}],"up":[{"embeddable":true,"href":"https:\/\/filharmoniapoznanska.pl\/en\/wp-json\/wp\/v2\/pages\/3928"}],"wp:attachment":[{"href":"https:\/\/filharmoniapoznanska.pl\/en\/wp-json\/wp\/v2\/media?parent=4002"}],"curies":[{"name":"wp","href":"https:\/\/api.w.org\/{rel}","templated":true}]}}