{"id":3970,"date":"2019-01-30T08:57:29","date_gmt":"2019-01-30T07:57:29","guid":{"rendered":"http:\/\/filharmoniapoznanska.pl\/philharmonic\/orkiestra\/"},"modified":"2024-03-27T10:59:42","modified_gmt":"2024-03-27T09:59:42","slug":"orchestra-old","status":"publish","type":"page","link":"https:\/\/filharmoniapoznanska.pl\/en\/philharmonic\/orchestra-old\/","title":{"rendered":"orchestra-old"},"content":{"rendered":"<div id=\"pl-3970\"  class=\"panel-layout\" ><div id=\"pg-3970-0\"  class=\"panel-grid panel-no-style\" ><div id=\"pgc-3970-0-0\"  class=\"panel-grid-cell\" ><div id=\"panel-3970-0-0-0\" class=\"so-panel widget widget_sow-editor panel-first-child panel-last-child\" data-index=\"0\" ><div\n\t\t\t\n\t\t\tclass=\"so-widget-sow-editor so-widget-sow-editor-base\"\n\t\t\t\n\t\t>\n<div class=\"siteorigin-widget-tinymce textwidget\">\n\t<p><strong>Pozna\u0144 Philharmonic Orchestra<\/strong><\/p>\n<p>During the opening concert, which was held on 10 November 1947, the Pozna\u0144 Philharmonic Orchestra performed under the baton of its first conductor, Stanis\u0142aw Wis\u0142ocki. He was later succeeded by Jerzy Katlewicz, Robert Satanowski, Witold Krzemie\u0144ski, Zdzis\u0142aw Szostak, Renard Czajkowski, Wojciech Rajski, Wojciech Michniewski, Andrzej Boreyko, Miros\u0142aw Jacek B\u0142aszczyk, Jos\u00e9 Maria Florencio, Grzegorz Nowak, Marek Pijarowski (2007-2021). In the 2021\/2022 artistic season, \u0141ukasz Borowicz became Music Director and Chief Conductor of the Pozna\u0144 Philharmonic Orchestra.<\/p>\n<\/div>\n<\/div><\/div><\/div><div id=\"pgc-3970-0-1\"  class=\"panel-grid-cell\" ><div id=\"panel-3970-0-1-0\" class=\"so-panel widget widget_sow-image panel-first-child panel-last-child\" data-index=\"1\" ><div\n\t\t\t\n\t\t\tclass=\"so-widget-sow-image so-widget-sow-image-default-113ccd71f3e6-3970\"\n\t\t\t\n\t\t>\n<div class=\"sow-image-container\">\n\t\t<img \n\tsrc=\"https:\/\/filharmoniapoznanska.pl\/wp-content\/uploads\/2019\/01\/orkiestra3.jpg\" width=\"297\" height=\"199\" srcset=\"https:\/\/filharmoniapoznanska.pl\/wp-content\/uploads\/2019\/01\/orkiestra3.jpg 297w, https:\/\/filharmoniapoznanska.pl\/wp-content\/uploads\/2019\/01\/orkiestra3-272x182.jpg 272w\" sizes=\"(max-width: 297px) 100vw, 297px\" alt=\"fp\" \t\tclass=\"so-widget-image\"\/>\n\t<\/div>\n\n<\/div><\/div><\/div><\/div><div id=\"pg-3970-1\"  class=\"panel-grid panel-no-style\" ><div id=\"pgc-3970-1-0\"  class=\"panel-grid-cell\" ><div id=\"panel-3970-1-0-0\" class=\"so-panel widget widget_sow-editor panel-first-child panel-last-child\" data-index=\"2\" ><div\n\t\t\t\n\t\t\tclass=\"so-widget-sow-editor so-widget-sow-editor-base\"\n\t\t\t\n\t\t>\n<div class=\"siteorigin-widget-tinymce textwidget\">\n\t<p>One of the most famous and recognised Polish symphonic ensembles, the orchestra performs at major music centres at home and abroad. It has toured almost all European countries. In February and March 2020, the ensemble performed with the world-famous Polish pianist Rafa\u0142 Blechacz to deliver a series of concerts <i>Kompozytorzy na walizkach<\/i> (Composers Living Out of a Suitcase) in Germany (Konzerthaus Berlin, Konzerthalle Frankfurt Oder, Staatstheater Darmstadt) and in France (Th\u00e9\u00e2tre des Champs Elys\u00e9es, Paris). During the tour, the orchestra also appeared in Wiesbaden (with pianist Olga Scheps, and violinist Bomsori Kim), as well as at the K\u00f6lner Philharmonie (with pianist Juho Pohjonen).<\/p>\n<p>The ensemble has performed at several leading international music festivals, incl. the <i>Romaeuropa-Villa Medici, Kissinger Sommer, Ankara Sanat Festivali, Festwochen in Herrenhausen, Bregenzer Fr\u00fchling, Dresdner Musikfestspiele, Choriner Musiksommer, Ludwig van Beethoven Easter Festival, International Music Festival Jan\u00e1\u010dk\u016fv M\u00e1j, <\/i>or<i> Smetanova Litomy\u0161l International Opera Festival<\/i>.<\/p>\n<p>The Orchestra accompanied participants of the first post-war edition of the Chopin Competition in Warsaw; since 1952, it has regularly played with the finalists of International Henryk Wieniawski Violin Competitions in Pozna\u0144. The main symphonic ensemble of the <i>Pozna\u0144ska Wiosna Muzyczna<\/i>, it also participates in the <i>Warszawska Jesie\u0144<\/i> and <i>Wratislavia Cantans <\/i>festivals, and frequently takes part in premi\u00e8re performances of pieces by contemporary Polish and foreign composers. A memorable event in the ensemble\u2019s history was its performance to Pope John Paul II at the Vatican.<\/p>\n<p>The ensemble has performed with such illustrious conductors, as Hermann Abendroth, Walerian Bierdiajew, Henryk Czy\u017c, Marco Erede, J\u00e1nos Ferencsik, Reinhard Goebel, Zdzis\u0142aw G\u00f3rzy\u0144ski, Eivind Gullberg Jensen, Christopher Hogwood, Pietari Inkinen, Jacek Kaspszyk, Kazimierz Kord, Jan Krenz, Zygmunt Latoszewski, Zden\u011bk M\u00e1cal, Jerzy Maksymiuk, Sir Neville Marriner, Paul McCreesh, Rafael Payare, J\u00e9r\u00e9mie Rhorer, Witold Rowicki, Ain\u0101rs Rubi\u0137is, Jerzy Semkow, Stanis\u0142aw Skrowaczewski, V\u00e1clav Smet\u00e1\u010dek, Antoni Wit, Bohdan Wodiczko, Carlo Zecchi, as well as with outstanding soloists: Piotr Anderszewski, Martha Argerich, Piotr Becza\u0142a, Rafa\u0142 Blechacz, G\u00e1bor Boldoczki, Pavol Breslik, Sarah Chang, Andrzej Dobber, Helen Donath, Wojciech Drabowicz, Franco Fagioli, Jean Fournier, Malcolm Frager, Alexander Gavrylyuk, Monique Haas, Ida Haendel, Anita Hartig, Andrzej Hiolski, Philippe Jaroussky, Sumi Jo, Ryszard Karczykowski, Antonina Kawecka, Simone Kermes, Olga Kern, Gidon Kremer, Konstanty Andrzej Kulka, Aleksandra Kurzak, Sergei Leiferkus, Julia Lezhneva, Christian Lindberg, Bernard \u0141adysz, Adam Makowicz, Witold Ma\u0142cu\u017cy\u0144ski, Annick Massis, Albrecht Mayer, Francesco Meli, Midori,Johannes Moser, Leszek Mo\u017cd\u017cer, Victoria Mullova, Sergei Nakariakov, Wies\u0142aw Ochman, Garrick Ohlsson, David and Igor Oistrakhs, Gerhrad Oppitz, Emmanuel Pahud, Ewa Podle\u015b, Maurizio Pollini, Samuel Ramey, Vadim Repin, Rugierro Ricci, Sviatoslav Richter, Mstislav Rostropovich, Artur Rubinstein, Gil Shaham, G\u00f6ran S\u00f6llscher, Martin Stadtfeld, Akiko Suwanai, Henryk Szeryng, Maxim Vengerov, Arcadi Volodos, Wanda Wi\u0142komirska, Ingolf Wunder, Pretty Yende, Narciso Yepes, Christian Zacharias, Thomas Zehetmair, Krystian Zimerman, Nikolaj Znaider.<\/p>\n<p>Pozna\u0144 Philharmonic Orchestra has made recordings of symphonic, opera and ballet music for radio, television and record companies (Sony Classical, cpo, Polmusic, Polskie Nagrania, Muza, Largo Records, Dux, CD Accord, and Naxos). In 2015, the CD <i>Gwiazdy \u015awiatowych Scen Operowych: Ewa Podle\u015b z Orkiestr\u0105 Filharmonii Pozna\u0144skiej Live <\/i>(<i>World Opera Stars: Ewa Podle\u015b. Live with the Pozna\u0144 Philharmonic Orchestra<\/i>) recorded in Pozna\u0144 at a concert conducted by \u0141ukasz Borowicz, was awarded the <i>L\u2019Orph\u00e9e d\u2019Or <\/i>prize by the French Acad\u00e9mie du Disque Lyrique.<\/p>\n<p>Conducted by \u0141ukasz Borowicz, the Pozna\u0144 Philharmonic Orchestra, the Choir of the Podlasie Opera and Philharmonic, as well as soloists\u2014Wioletta Chodowicz, Robert Gierlach and Wojtek Gierlach\u2014made in 2016 the world premi\u00e8re recording of <i>Quo vadis<\/i> oratorio by Feliks Nowowiejski. Released in 2017 by the German record company <i>cpo,<\/i> in 2018 the two-CD album was awarded one of the most prestigious record prizes in the world: the International Classical Music Award (ICMA 2018).<\/p>\n<p>2019 saw the release of \u201cStanis\u0142aw Moniuszko, Cantatas<i> Milda\/Nijo\u0142a\u201d<\/i>, which was the pieces\u2019 world phonographic premiere. Conducted by \u0141ukasz Borowicz, the Pozna\u0144 Philharmonic Orchestra recorded the two-CD album with the Choir of the Podlasie Opera and Philharmonic, as well as with soloists: Wioletta Chodowicz (soprano), Maria Jaskulska-Chrenowicz (soprano), Ewa Wolak (mezzo-soprano), Sylwester Smulczy\u0144ski (tenor), Robert Gierlach (baritone), and Szymon Kobyli\u0144ski (bass). In May \u00a02020, the album made the Editor's Choice list of the best records selected by the prestigious British classical music monthly Gramophone.<\/p>\n<p>The newest albums by the Pozna\u0144 Philharmonic Orchestra (of which the first three are world phonographic premieres) include \u201cMicha\u0142 Bergson, Concerto symphonique pour piano et orchestre op. 62 \/Music from the opera\u00a0<em>Luisa di Monfort<\/em>\u201d (Jonathan Plowright \u2013 piano, Jakub Drygas \u2013 clarinet, Aleksandra Kubas-Kruk \u2013 soprano, \u0141ukasz Borowicz \u2013 conductor, Pozna\u0144 Philharmonic Orchestra), \u201cStefan Boles\u0142aw Poradowski, Violin Concerto, Op. 70, Double Bass Concerto, Op. 26, Symphony No. 3, Op. 29\u201d (Marcin Suszycki \u2013 violin, Piotr Czerwi\u0144ski \u2013 double bass, \u0141ukasz Borowicz \u2013 conductor, Pozna\u0144 Philharmonic Orchestra), \u201cFeliks Nowowiejski, Piano Concerto in D minor, Op. 60 <em>Slavic<\/em>, Cello Concerto, Op. 55\u201d (Jacek Kortus \u2013 piano, Bartosz Koziak \u2013 cello, \u0141ukasz Borowicz \u2013 conductor, Pozna\u0144 Philharmonic Orchestra) which has been awarded a 2023 Fryderyk Prize, \u201cGrzegorz Fitelberg, Symphony in E Minor, Op. 16\u201d (recording released as CD and LP - vinyl limited edition).<br \/>\nAs well as the concert version of the opera <em>Faniska\u00a0<\/em>by Luigi Cherubini and\u00a0<em>Kashchey the Immortal<\/em>\u00a0by Nikolai Rimsky-Korsakov, which the Pozna\u0144 Philharmonic Orchestra conducted by \u0141ukasz Borowicz recorded with soloists and Pozna\u0144 Chamber Choir\u00a0(prepared by Bartosz Micha\u0142owski).<\/p>\n<p>Famous throughout Europe for its excellent acoustic properties and exquisite Neo-Renaissance architecture, and capable of seating over one thousand listeners, the Auditorium of Adam Mickiewicz University in Pozna\u0144 is the concert venue of the Pozna\u0144 Philharmonic Orchestra.<\/p>\n<\/div>\n<\/div><\/div><\/div><\/div><div id=\"pg-3970-2\"  class=\"panel-grid panel-no-style\" ><div id=\"pgc-3970-2-0\"  class=\"panel-grid-cell\" ><div id=\"panel-3970-2-0-0\" class=\"so-panel widget widget_ozimas-separator-widget panel-first-child panel-last-child\" data-index=\"3\" ><div\n\t\t\t\n\t\t\tclass=\"so-widget-ozimas-separator-widget so-widget-ozimas-separator-widget-style-d75171398898-3970\"\n\t\t\t\n\t\t>\r\n<div class=\"ozimas__separator \" \r\n\tstyle=\"\r\n\t\tbackground-color: #999999; \r\n\t\twidth: 100%; \r\n\t\theight: 1px; \r\n\t\tmargin-top: 0;\r\n\t\tmargin-bottom: 0;\r\n\t\tmargin-right: auto;\r\n\t\tmargin-left: auto;\r\n\t\t\"><\/div>\r\n<\/div><\/div><\/div><\/div><div id=\"pg-3970-3\"  class=\"panel-grid panel-no-style\" ><div id=\"pgc-3970-3-0\"  class=\"panel-grid-cell\" ><div id=\"panel-3970-3-0-0\" class=\"so-panel widget widget_sow-editor panel-first-child panel-last-child\" data-index=\"4\" ><div\n\t\t\t\n\t\t\tclass=\"so-widget-sow-editor so-widget-sow-editor-base\"\n\t\t\t\n\t\t>\n<div class=\"siteorigin-widget-tinymce textwidget\">\n\t<p><strong><b>Anastasia KOBEKINA<\/b>\u00a0<\/strong>\u2013 Pozna\u0144 Philharmonic\u2019s Artist-In-Residence in the 2023\/24 artistic season<\/p>\n<p><strong>MIDORI\u00a0<\/strong>\u2013 Pozna\u0144 Philharmonic\u2019s Artist-In-Residence in the 2019\/20 artistic season<\/p>\n<p><strong>Henning KRAGGERUD<\/strong>\u00a0\u2013 Pozna\u0144 Philharmonic\u2019s Artist-In-Residence in the 2018\/19 artistic season<\/p>\n<p><strong>Bomsori KIM<\/strong>\u00a0\u2013 Pozna\u0144 Philharmonic\u2019s Soloist-in-Residence in the 2018\/19 artistic season<\/p>\n<p><strong>Rafa\u0142 BLECHACZ\u00a0<\/strong>\u2013 Pozna\u0144 Philharmonic\u2019s Artist-In-Residence in the 2017\/18 artistic season<\/p>\n<p><strong>Nikolaj ZNAJDER <\/strong>\u2013\u00a0Pozna\u0144 Philharmonic\u2019s Artist-In-Residence in the 2016\/17 artistic season<\/p>\n<p><strong>Bertrand CHAMAYOU <\/strong>\u2013\u00a0Pozna\u0144 Philharmonic\u2019s Artist-In-Residence in the 2015\/16 artistic season<\/p>\n<\/div>\n<\/div><\/div><\/div><\/div><div id=\"pg-3970-4\"  class=\"panel-grid panel-no-style\" ><div id=\"pgc-3970-4-0\"  class=\"panel-grid-cell\" ><div id=\"panel-3970-4-0-0\" class=\"so-panel widget widget_sow-editor panel-first-child panel-last-child\" data-index=\"5\" ><div\n\t\t\t\n\t\t\tclass=\"so-widget-sow-editor so-widget-sow-editor-base\"\n\t\t\t\n\t\t>\n<div class=\"siteorigin-widget-tinymce textwidget\">\n\t<p><b>1st violins<\/b><br \/>\nMarcin Suszycki (<span dir=\"ltr\" role=\"presentation\">concertmaster<\/span>)<br \/>\nAnna Zi\u00f3\u0142kowska (<span dir=\"ltr\" role=\"presentation\">concertmaster<\/span>)<br \/>\nMarcin Herman (<span dir=\"ltr\" role=\"presentation\">concertmaster<\/span>)<br \/>\nJan \u015awieca<br \/>\nOlga Winkowska<br \/>\nGra\u017cyna Busse<br \/>\nWiktor Dziedzic<br \/>\nPawe\u0142 Grabarczyk<br \/>\nAnastazja Ko\u0142odziejczak<br \/>\nAnna Kutkowska<br \/>\nNatalia Nied\u017awiecka<br \/>\nAgata Noco\u0144<br \/>\nEl\u017cbieta Sadowska<br \/>\nWeronika Stabrawa<br \/>\nWojciech Szewczykowski<br \/>\nAnna Wachowiak<\/p>\n<p><b>2nd violins<\/b><br \/>\nEwa Kozie\u0142-Suszycka<br \/>\nMagdalena Lubocka<br \/>\nKosma M\u0171ller<br \/>\nJustyna Chrzanowska<br \/>\nBeata Ficner<br \/>\nKarina Jakubowska<br \/>\nAnna Kami\u0144ska<br \/>\nMarta Kowalska<br \/>\nOstap Manko<br \/>\nWeronika Matouszek<br \/>\nKatarzyna Nowak<br \/>\nKatarzyna P\u0142aczek-Kaszy\u0144ska<br \/>\nBarbara S\u0142omian<br \/>\nHanna Szulc<\/p>\n<p><b>violas<\/b><br \/>\nDominik D\u0119bski<br \/>\nKarolina Lewi\u0144ska-B\u0105k<br \/>\nPrzemys\u0142aw Mrowi\u0144ski<br \/>\nSylwia Balachowska<br \/>\nAlina Iwanowska<br \/>\nLidia Ka\u017amierczak<br \/>\nPiotr Kuras<br \/>\nEl\u017cbieta Szyma\u0144ska-Drzewiecka<br \/>\nMagdalena Warcho\u0142<br \/>\nTomasz Zi\u00f3\u0142kowski<\/p>\n<\/div>\n<\/div><\/div><\/div><div id=\"pgc-3970-4-1\"  class=\"panel-grid-cell\" ><div id=\"panel-3970-4-1-0\" class=\"so-panel widget widget_sow-editor panel-first-child panel-last-child\" data-index=\"6\" ><div\n\t\t\t\n\t\t\tclass=\"so-widget-sow-editor so-widget-sow-editor-base\"\n\t\t\t\n\t\t>\n<div class=\"siteorigin-widget-tinymce textwidget\">\n\t<p><b>cellos<\/b><br \/>\nJ\u00f3zef Czarnecki<br \/>\nMaria Liszkowska-Sikorska<br \/>\nMonika Baranowska<br \/>\nDagny Czarnecka<br \/>\nIzabella Gontarz<br \/>\nRenata Mazurek<br \/>\nAgnieszka Paw\u0142owska<br \/>\nJustyna Strzy\u017cewska<\/p>\n<p><b>double-basses<\/b><br \/>\nPiotr Czerwi\u0144ski<br \/>\nSzymon Guzowski<br \/>\nMarcin Chenczke<br \/>\nPiotr Cienkowski<br \/>\nZbigniew Ko\u0142odziejski<br \/>\nUrszula Maliszewska<br \/>\nJoanna Markiewicz<br \/>\nJ\u00f3zef Matuszewski<\/p>\n<p><b>flutes<\/b><br \/>\nEl\u017cbieta Turczy\u0144ska-Drobnik<br \/>\nDorota Karaniewicz-Biedny<br \/>\nLidia Sieczkowska<br \/>\nInna Vorobets<\/p>\n<p><b>oboes<\/b><br \/>\nTomasz Guba\u0144ski<br \/>\nJakub Kaszuba<br \/>\nMaciej Kulus<br \/>\nPiotr Ma\u0107kowiak<\/p>\n<p><b>clarinets<\/b><br \/>\nPawe\u0142 Drobnik<br \/>\nJakub Drygas<br \/>\nDariusz Or\u0142owski<br \/>\nTomasz \u017baczek<\/p>\n<p><b>bassoons<\/b><br \/>\nRados\u0142aw Komolka<br \/>\nMarek J\u0119drzejczak<br \/>\nAdam Ostrowski<\/p>\n<\/div>\n<\/div><\/div><\/div><div id=\"pgc-3970-4-2\"  class=\"panel-grid-cell\" ><div id=\"panel-3970-4-2-0\" class=\"so-panel widget widget_sow-editor panel-first-child panel-last-child\" data-index=\"7\" ><div\n\t\t\t\n\t\t\tclass=\"so-widget-sow-editor so-widget-sow-editor-base\"\n\t\t\t\n\t\t>\n<div class=\"siteorigin-widget-tinymce textwidget\">\n\t<p><b>horns<\/b><br \/>\nMarcin Chrzanowski<br \/>\nPetr Kozel<br \/>\nMarta Murawska-Bednarska<br \/>\nMonika Paprocka-Ca\u0142us<br \/>\nKarina Bany\u015b<br \/>\nFranciszek Czech<br \/>\nRoman Popio\u0142ek<br \/>\nGrzegorz Szumnarski<br \/>\nPiotr Kowalski (permanent collaboration)<\/p>\n<p><b>trumpets<\/b><br \/>\nMarek Galubi\u0144ski<br \/>\nDamian Kurek<br \/>\nMariusz Pikulski<br \/>\nRobert Morkis<\/p>\n<p><b>trombones<\/b><br \/>\nMaciej Ko\u0142odziejski<br \/>\nPiotr Bany\u015b<br \/>\nWojciech Jeli\u0144ski<br \/>\nStanis\u0142aw Gruszka<\/p>\n<p><b>tuba<\/b><br \/>\nAleksander Juszczuk<\/p>\n<p><b>harp<\/b><br \/>\nPaulina Maciaszczyk<\/p>\n<p><b>percussion instruments<\/b><br \/>\nGrzegorz Siek<br \/>\nJerzy Mackiewicz<br \/>\nBeata S\u0142omian<br \/>\nPiotr So\u0142kowicz<\/p>\n<p><b>orchestra manager<\/b><br \/>\nRados\u0142aw Komolka<\/p>\n<p><b>orchestra\u2019s work coordinator<\/b><br \/>\nAndrzej Stodolny<\/p>\n<p><b>technical staff<\/b><br \/>\nVitalii Yusupov<br \/>\nTomasz Kaczorowski<\/p>\n<p><b>piano tuner<\/b><br \/>\nZbigniew Wajdzik<\/p>\n<\/div>\n<\/div><\/div><\/div><\/div><\/div>","protected":false},"excerpt":{"rendered":"<p>Pozna\u0144 Philharmonic Orchestra During the opening concert, which was held on 10 November 1947, the Pozna\u0144 Philharmonic Orchestra performed under the baton of its first conductor, Stanis\u0142aw Wis\u0142ocki. He was later succeeded by Jerzy Katlewicz, Robert Satanowski, Witold Krzemie\u0144ski, Zdzis\u0142aw Szostak, Renard Czajkowski, Wojciech Rajski, Wojciech Michniewski, Andrzej Boreyko, Miros\u0142aw Jacek B\u0142aszczyk, Jos\u00e9 Maria Florencio, [&hellip;]<\/p>\n","protected":false},"author":1,"featured_media":0,"parent":3928,"menu_order":0,"comment_status":"closed","ping_status":"closed","template":"","meta":{"_acf_changed":false,"footnotes":""},"class_list":["post-3970","page","type-page","status-publish","hentry"],"acf":[],"yoast_head":"<!-- This site is optimized with the Yoast SEO plugin v27.3 - https:\/\/yoast.com\/product\/yoast-seo-wordpress\/ -->\n<title>Filharmonia Pozna\u0144ska - orchestra-old<\/title>\n<meta name=\"robots\" content=\"index, follow, max-snippet:-1, max-image-preview:large, max-video-preview:-1\" \/>\n<link rel=\"canonical\" href=\"https:\/\/filharmoniapoznanska.pl\/en\/philharmonic\/orchestra-old\/\" \/>\n<meta property=\"og:locale\" content=\"en_US\" \/>\n<meta property=\"og:type\" content=\"article\" \/>\n<meta property=\"og:title\" content=\"Filharmonia Pozna\u0144ska - orchestra-old\" \/>\n<meta property=\"og:description\" content=\"Pozna\u0144 Philharmonic Orchestra During the opening concert, which was held on 10 November 1947, the Pozna\u0144 Philharmonic Orchestra performed under the baton of its first conductor, Stanis\u0142aw Wis\u0142ocki. He was later succeeded by Jerzy Katlewicz, Robert Satanowski, Witold Krzemie\u0144ski, Zdzis\u0142aw Szostak, Renard Czajkowski, Wojciech Rajski, Wojciech Michniewski, Andrzej Boreyko, Miros\u0142aw Jacek B\u0142aszczyk, Jos\u00e9 Maria Florencio, [&hellip;]\" \/>\n<meta property=\"og:url\" content=\"https:\/\/filharmoniapoznanska.pl\/en\/philharmonic\/orchestra-old\/\" \/>\n<meta property=\"og:site_name\" content=\"Filharmonia Pozna\u0144ska\" \/>\n<meta property=\"article:modified_time\" content=\"2024-03-27T09:59:42+00:00\" \/>\n<meta name=\"twitter:card\" content=\"summary_large_image\" \/>\n<meta name=\"twitter:label1\" content=\"Est. reading time\" \/>\n\t<meta name=\"twitter:data1\" content=\"8 minutes\" \/>\n<script type=\"application\/ld+json\" class=\"yoast-schema-graph\">{\"@context\":\"https:\\\/\\\/schema.org\",\"@graph\":[{\"@type\":\"WebPage\",\"@id\":\"https:\\\/\\\/filharmoniapoznanska.pl\\\/en\\\/philharmonic\\\/orchestra-old\\\/\",\"url\":\"https:\\\/\\\/filharmoniapoznanska.pl\\\/en\\\/philharmonic\\\/orchestra-old\\\/\",\"name\":\"Filharmonia Pozna\u0144ska - orchestra-old\",\"isPartOf\":{\"@id\":\"https:\\\/\\\/filharmoniapoznanska.pl\\\/#website\"},\"datePublished\":\"2019-01-30T07:57:29+00:00\",\"dateModified\":\"2024-03-27T09:59:42+00:00\",\"breadcrumb\":{\"@id\":\"https:\\\/\\\/filharmoniapoznanska.pl\\\/en\\\/philharmonic\\\/orchestra-old\\\/#breadcrumb\"},\"inLanguage\":\"en-US\",\"potentialAction\":[{\"@type\":\"ReadAction\",\"target\":[\"https:\\\/\\\/filharmoniapoznanska.pl\\\/en\\\/philharmonic\\\/orchestra-old\\\/\"]}]},{\"@type\":\"BreadcrumbList\",\"@id\":\"https:\\\/\\\/filharmoniapoznanska.pl\\\/en\\\/philharmonic\\\/orchestra-old\\\/#breadcrumb\",\"itemListElement\":[{\"@type\":\"ListItem\",\"position\":1,\"name\":\"Strona g\u0142\u00f3wna\",\"item\":\"https:\\\/\\\/filharmoniapoznanska.pl\\\/en\\\/\"},{\"@type\":\"ListItem\",\"position\":2,\"name\":\"Philharmonic\",\"item\":\"https:\\\/\\\/filharmoniapoznanska.pl\\\/en\\\/philharmonic\\\/\"},{\"@type\":\"ListItem\",\"position\":3,\"name\":\"orchestra-old\"}]},{\"@type\":\"WebSite\",\"@id\":\"https:\\\/\\\/filharmoniapoznanska.pl\\\/#website\",\"url\":\"https:\\\/\\\/filharmoniapoznanska.pl\\\/\",\"name\":\"Filharmonia Pozna\u0144ska\",\"description\":\"\",\"potentialAction\":[{\"@type\":\"SearchAction\",\"target\":{\"@type\":\"EntryPoint\",\"urlTemplate\":\"https:\\\/\\\/filharmoniapoznanska.pl\\\/?s={search_term_string}\"},\"query-input\":{\"@type\":\"PropertyValueSpecification\",\"valueRequired\":true,\"valueName\":\"search_term_string\"}}],\"inLanguage\":\"en-US\"}]}<\/script>\n<!-- \/ Yoast SEO plugin. -->","yoast_head_json":{"title":"Filharmonia Pozna\u0144ska - orchestra-old","robots":{"index":"index","follow":"follow","max-snippet":"max-snippet:-1","max-image-preview":"max-image-preview:large","max-video-preview":"max-video-preview:-1"},"canonical":"https:\/\/filharmoniapoznanska.pl\/en\/philharmonic\/orchestra-old\/","og_locale":"en_US","og_type":"article","og_title":"Filharmonia Pozna\u0144ska - orchestra-old","og_description":"Pozna\u0144 Philharmonic Orchestra During the opening concert, which was held on 10 November 1947, the Pozna\u0144 Philharmonic Orchestra performed under the baton of its first conductor, Stanis\u0142aw Wis\u0142ocki. He was later succeeded by Jerzy Katlewicz, Robert Satanowski, Witold Krzemie\u0144ski, Zdzis\u0142aw Szostak, Renard Czajkowski, Wojciech Rajski, Wojciech Michniewski, Andrzej Boreyko, Miros\u0142aw Jacek B\u0142aszczyk, Jos\u00e9 Maria Florencio, [&hellip;]","og_url":"https:\/\/filharmoniapoznanska.pl\/en\/philharmonic\/orchestra-old\/","og_site_name":"Filharmonia Pozna\u0144ska","article_modified_time":"2024-03-27T09:59:42+00:00","twitter_card":"summary_large_image","twitter_misc":{"Est. reading time":"8 minutes"},"schema":{"@context":"https:\/\/schema.org","@graph":[{"@type":"WebPage","@id":"https:\/\/filharmoniapoznanska.pl\/en\/philharmonic\/orchestra-old\/","url":"https:\/\/filharmoniapoznanska.pl\/en\/philharmonic\/orchestra-old\/","name":"Filharmonia Pozna\u0144ska - orchestra-old","isPartOf":{"@id":"https:\/\/filharmoniapoznanska.pl\/#website"},"datePublished":"2019-01-30T07:57:29+00:00","dateModified":"2024-03-27T09:59:42+00:00","breadcrumb":{"@id":"https:\/\/filharmoniapoznanska.pl\/en\/philharmonic\/orchestra-old\/#breadcrumb"},"inLanguage":"en-US","potentialAction":[{"@type":"ReadAction","target":["https:\/\/filharmoniapoznanska.pl\/en\/philharmonic\/orchestra-old\/"]}]},{"@type":"BreadcrumbList","@id":"https:\/\/filharmoniapoznanska.pl\/en\/philharmonic\/orchestra-old\/#breadcrumb","itemListElement":[{"@type":"ListItem","position":1,"name":"Strona g\u0142\u00f3wna","item":"https:\/\/filharmoniapoznanska.pl\/en\/"},{"@type":"ListItem","position":2,"name":"Philharmonic","item":"https:\/\/filharmoniapoznanska.pl\/en\/philharmonic\/"},{"@type":"ListItem","position":3,"name":"orchestra-old"}]},{"@type":"WebSite","@id":"https:\/\/filharmoniapoznanska.pl\/#website","url":"https:\/\/filharmoniapoznanska.pl\/","name":"Filharmonia Pozna\u0144ska","description":"","potentialAction":[{"@type":"SearchAction","target":{"@type":"EntryPoint","urlTemplate":"https:\/\/filharmoniapoznanska.pl\/?s={search_term_string}"},"query-input":{"@type":"PropertyValueSpecification","valueRequired":true,"valueName":"search_term_string"}}],"inLanguage":"en-US"}]}},"_links":{"self":[{"href":"https:\/\/filharmoniapoznanska.pl\/en\/wp-json\/wp\/v2\/pages\/3970","targetHints":{"allow":["GET"]}}],"collection":[{"href":"https:\/\/filharmoniapoznanska.pl\/en\/wp-json\/wp\/v2\/pages"}],"about":[{"href":"https:\/\/filharmoniapoznanska.pl\/en\/wp-json\/wp\/v2\/types\/page"}],"author":[{"embeddable":true,"href":"https:\/\/filharmoniapoznanska.pl\/en\/wp-json\/wp\/v2\/users\/1"}],"replies":[{"embeddable":true,"href":"https:\/\/filharmoniapoznanska.pl\/en\/wp-json\/wp\/v2\/comments?post=3970"}],"version-history":[{"count":117,"href":"https:\/\/filharmoniapoznanska.pl\/en\/wp-json\/wp\/v2\/pages\/3970\/revisions"}],"predecessor-version":[{"id":30349,"href":"https:\/\/filharmoniapoznanska.pl\/en\/wp-json\/wp\/v2\/pages\/3970\/revisions\/30349"}],"up":[{"embeddable":true,"href":"https:\/\/filharmoniapoznanska.pl\/en\/wp-json\/wp\/v2\/pages\/3928"}],"wp:attachment":[{"href":"https:\/\/filharmoniapoznanska.pl\/en\/wp-json\/wp\/v2\/media?parent=3970"}],"curies":[{"name":"wp","href":"https:\/\/api.w.org\/{rel}","templated":true}]}}