{"version":"1.0","provider_name":"Filharmonia Pozna\u0144ska","provider_url":"https:\/\/filharmoniapoznanska.pl\/en\/","author_name":"ozimas","author_url":"https:\/\/filharmoniapoznanska.pl\/en\/author\/ozimas\/","title":"Radom Chamber Orchestra - Filharmonia Pozna\u0144ska","type":"rich","width":600,"height":338,"html":"<blockquote class=\"wp-embedded-content\" data-secret=\"Ep8GZ0pCBr\"><a href=\"https:\/\/filharmoniapoznanska.pl\/en\/artists\/radom-chamber-orchestra\/\">Radom Chamber Orchestra<\/a><\/blockquote><iframe sandbox=\"allow-scripts\" security=\"restricted\" src=\"https:\/\/filharmoniapoznanska.pl\/en\/artists\/radom-chamber-orchestra\/embed\/#?secret=Ep8GZ0pCBr\" width=\"600\" height=\"338\" title=\"&#8220;Radom Chamber Orchestra&#8221; &#8212; Filharmonia Pozna\u0144ska\" data-secret=\"Ep8GZ0pCBr\" frameborder=\"0\" marginwidth=\"0\" marginheight=\"0\" scrolling=\"no\" class=\"wp-embedded-content\"><\/iframe><script type=\"text\/javascript\">\n\/* <![CDATA[ *\/\n\/*! This file is auto-generated *\/\n!function(d,l){\"use strict\";l.querySelector&&d.addEventListener&&\"undefined\"!=typeof URL&&(d.wp=d.wp||{},d.wp.receiveEmbedMessage||(d.wp.receiveEmbedMessage=function(e){var t=e.data;if((t||t.secret||t.message||t.value)&&!\/[^a-zA-Z0-9]\/.test(t.secret)){for(var s,r,n,a=l.querySelectorAll('iframe[data-secret=\"'+t.secret+'\"]'),o=l.querySelectorAll('blockquote[data-secret=\"'+t.secret+'\"]'),c=new RegExp(\"^https?:$\",\"i\"),i=0;i<o.length;i++)o[i].style.display=\"none\";for(i=0;i<a.length;i++)s=a[i],e.source===s.contentWindow&&(s.removeAttribute(\"style\"),\"height\"===t.message?(1e3<(r=parseInt(t.value,10))?r=1e3:~~r<200&&(r=200),s.height=r):\"link\"===t.message&&(r=new URL(s.getAttribute(\"src\")),n=new URL(t.value),c.test(n.protocol))&&n.host===r.host&&l.activeElement===s&&(d.top.location.href=t.value))}},d.addEventListener(\"message\",d.wp.receiveEmbedMessage,!1),l.addEventListener(\"DOMContentLoaded\",function(){for(var e,t,s=l.querySelectorAll(\"iframe.wp-embedded-content\"),r=0;r<s.length;r++)(t=(e=s[r]).getAttribute(\"data-secret\"))||(t=Math.random().toString(36).substring(2,12),e.src+=\"#?secret=\"+t,e.setAttribute(\"data-secret\",t)),e.contentWindow.postMessage({message:\"ready\",secret:t},\"*\")},!1)))}(window,document);\n\/* ]]> *\/\n<\/script>\n","thumbnail_url":"https:\/\/filharmoniapoznanska.pl\/wp-content\/uploads\/2019\/02\/Radomska-orkiestra-kameralna.jpg","thumbnail_width":1280,"thumbnail_height":851,"description":"Radomska Orkiestra Kameralna dzia\u0142a od stycznia 2007 roku jako instytucja kultury miasta Radomia. W lipcu 2007 roku dyrektorem naczelnym i artystycznym zespo\u0142u zosta\u0142 Maciej \u017b\u00f3\u0142towski. We wrze\u015bniu tego samego roku odby\u0142y si\u0119 pierwsze przes\u0142uchania do orkiestry. Utworzono wtedy sta\u0142y, trzynastoosobowy, smyczkowy sk\u0142ad zespo\u0142u. Rozpocz\u0105\u0142 si\u0119 pierwszy, regularny sezon artystyczny. Wst\u0119pnym za\u0142o\u017ceniem przy tworzeniu orkiestry by\u0142o [&hellip;]"}