{"version":"1.0","provider_name":"Filharmonia Pozna\u0144ska","provider_url":"https:\/\/filharmoniapoznanska.pl\/en\/","author_name":"Magdalena Smieszala","author_url":"https:\/\/filharmoniapoznanska.pl\/en\/author\/magdalena-smieszala\/","title":"Mateusz DUBIEL - Filharmonia Pozna\u0144ska","type":"rich","width":600,"height":338,"html":"<blockquote class=\"wp-embedded-content\" data-secret=\"ShgC2jjWil\"><a href=\"https:\/\/filharmoniapoznanska.pl\/en\/artists\/mateusz-dubiel\/\">Mateusz DUBIEL<\/a><\/blockquote><iframe sandbox=\"allow-scripts\" security=\"restricted\" src=\"https:\/\/filharmoniapoznanska.pl\/en\/artists\/mateusz-dubiel\/embed\/#?secret=ShgC2jjWil\" width=\"600\" height=\"338\" title=\"&#8220;Mateusz DUBIEL&#8221; &#8212; Filharmonia Pozna\u0144ska\" data-secret=\"ShgC2jjWil\" frameborder=\"0\" marginwidth=\"0\" marginheight=\"0\" scrolling=\"no\" class=\"wp-embedded-content\"><\/iframe><script type=\"text\/javascript\">\n\/* <![CDATA[ *\/\n\/*! This file is auto-generated *\/\n!function(d,l){\"use strict\";l.querySelector&&d.addEventListener&&\"undefined\"!=typeof URL&&(d.wp=d.wp||{},d.wp.receiveEmbedMessage||(d.wp.receiveEmbedMessage=function(e){var t=e.data;if((t||t.secret||t.message||t.value)&&!\/[^a-zA-Z0-9]\/.test(t.secret)){for(var s,r,n,a=l.querySelectorAll('iframe[data-secret=\"'+t.secret+'\"]'),o=l.querySelectorAll('blockquote[data-secret=\"'+t.secret+'\"]'),c=new RegExp(\"^https?:$\",\"i\"),i=0;i<o.length;i++)o[i].style.display=\"none\";for(i=0;i<a.length;i++)s=a[i],e.source===s.contentWindow&&(s.removeAttribute(\"style\"),\"height\"===t.message?(1e3<(r=parseInt(t.value,10))?r=1e3:~~r<200&&(r=200),s.height=r):\"link\"===t.message&&(r=new URL(s.getAttribute(\"src\")),n=new URL(t.value),c.test(n.protocol))&&n.host===r.host&&l.activeElement===s&&(d.top.location.href=t.value))}},d.addEventListener(\"message\",d.wp.receiveEmbedMessage,!1),l.addEventListener(\"DOMContentLoaded\",function(){for(var e,t,s=l.querySelectorAll(\"iframe.wp-embedded-content\"),r=0;r<s.length;r++)(t=(e=s[r]).getAttribute(\"data-secret\"))||(t=Math.random().toString(36).substring(2,12),e.src+=\"#?secret=\"+t,e.setAttribute(\"data-secret\",t)),e.contentWindow.postMessage({message:\"ready\",secret:t},\"*\")},!1)))}(window,document);\n\/* ]]> *\/\n<\/script>\n","thumbnail_url":"https:\/\/filharmoniapoznanska.pl\/wp-content\/uploads\/2025\/06\/Mateusz-Dubiel-z-internetu.jpg","thumbnail_width":1460,"thumbnail_height":616,"description":"Mateusz Dubiel w\u00a02023 roku uko\u0144czy\u0142 szko\u0142\u0119 \u015bredni\u0105 w\u00a0Zespole Pa\u0144stwowych Szk\u00f3\u0142 Muzycznych im.\u00a0Stanis\u0142awa Moniuszki w\u00a0Bielsku-Bia\u0142ej, w\u00a0klasie fortepianu Anny Skarbowskiej. Obecnie kszta\u0142ci si\u0119 w\u00a0klasie fortepianu prof.\u00a0Miros\u0142awa Herbowskiego w\u00a0Akademii Muzycznej im.\u00a0Krzysztofa Pendereckiego w\u00a0Krakowie. Jest laureatem og\u00f3lnopolskich i\u00a0mi\u0119dzynarodowych konkurs\u00f3w (m.in. I\u00a0miejsce na\u00a051. Og\u00f3lnopolskim Konkursie im.\u00a0Fryderyka Chopina w\u00a0Warszawie, II\u00a0miejsce na\u00a0III Mi\u0119dzynarodowym Konkursie Pianistycznym \u201eJeune Chopin\u201d w\u00a0Lugano w\u00a0Szwajcarii, II\u00a0miejsce na\u00a0Ba\u0142tyckim Mi\u0119dzynarodowym [&hellip;]"}