{"version":"1.0","provider_name":"Filharmonia Pozna\u0144ska","provider_url":"https:\/\/filharmoniapoznanska.pl\/en\/","author_name":"Katarzyna","author_url":"https:\/\/filharmoniapoznanska.pl\/en\/author\/kbanaszak\/","title":"Bassem AKIKI - Filharmonia Pozna\u0144ska","type":"rich","width":600,"height":338,"html":"<blockquote class=\"wp-embedded-content\" data-secret=\"vCtOrn8tTI\"><a href=\"https:\/\/filharmoniapoznanska.pl\/en\/artists\/bassem-akiki\/\">Bassem AKIKI<\/a><\/blockquote><iframe sandbox=\"allow-scripts\" security=\"restricted\" src=\"https:\/\/filharmoniapoznanska.pl\/en\/artists\/bassem-akiki\/embed\/#?secret=vCtOrn8tTI\" width=\"600\" height=\"338\" title=\"&#8220;Bassem AKIKI&#8221; &#8212; Filharmonia Pozna\u0144ska\" data-secret=\"vCtOrn8tTI\" frameborder=\"0\" marginwidth=\"0\" marginheight=\"0\" scrolling=\"no\" class=\"wp-embedded-content\"><\/iframe><script type=\"text\/javascript\">\n\/* <![CDATA[ *\/\n\/*! This file is auto-generated *\/\n!function(d,l){\"use strict\";l.querySelector&&d.addEventListener&&\"undefined\"!=typeof URL&&(d.wp=d.wp||{},d.wp.receiveEmbedMessage||(d.wp.receiveEmbedMessage=function(e){var t=e.data;if((t||t.secret||t.message||t.value)&&!\/[^a-zA-Z0-9]\/.test(t.secret)){for(var s,r,n,a=l.querySelectorAll('iframe[data-secret=\"'+t.secret+'\"]'),o=l.querySelectorAll('blockquote[data-secret=\"'+t.secret+'\"]'),c=new RegExp(\"^https?:$\",\"i\"),i=0;i<o.length;i++)o[i].style.display=\"none\";for(i=0;i<a.length;i++)s=a[i],e.source===s.contentWindow&&(s.removeAttribute(\"style\"),\"height\"===t.message?(1e3<(r=parseInt(t.value,10))?r=1e3:~~r<200&&(r=200),s.height=r):\"link\"===t.message&&(r=new URL(s.getAttribute(\"src\")),n=new URL(t.value),c.test(n.protocol))&&n.host===r.host&&l.activeElement===s&&(d.top.location.href=t.value))}},d.addEventListener(\"message\",d.wp.receiveEmbedMessage,!1),l.addEventListener(\"DOMContentLoaded\",function(){for(var e,t,s=l.querySelectorAll(\"iframe.wp-embedded-content\"),r=0;r<s.length;r++)(t=(e=s[r]).getAttribute(\"data-secret\"))||(t=Math.random().toString(36).substring(2,12),e.src+=\"#?secret=\"+t,e.setAttribute(\"data-secret\",t)),e.contentWindow.postMessage({message:\"ready\",secret:t},\"*\")},!1)))}(window,document);\n\/* ]]> *\/\n<\/script>\n","thumbnail_url":"https:\/\/filharmoniapoznanska.pl\/wp-content\/uploads\/2021\/07\/Bassem-Akiki.jpg","thumbnail_width":755,"thumbnail_height":755,"description":"Bassem Akiki, dyrygent pochodzenia liba\u0144skiego, kszta\u0142ci\u0142 si\u0119 w\u00a0Wy\u017cszym Konserwatorium Muzycznym\u00a0 w\u00a0Bejrucie, jednocze\u015bnie studiuj\u0105c filozofi\u0119 na\u00a0Lebanese International University. Uko\u0144czy\u0142 tak\u017ce studia w Akademii Muzycznej w\u00a0Krakowie (dyrygentura ch\u00f3ralna pod kierunkiem prof. Stanis\u0142awa Krawczy\u0144skiego) oraz w\u00a0klasie dyrygentury prof. Marka Pijarowskiego w\u00a0Akademii Muzycznej we\u00a0Wroc\u0142awiu.\u00a0 Zadebiutowa\u0142 w\u00a02007\u00a0roku, prowadz\u0105c Traviat\u0119 Giuseppe Verdiego w\u00a0Operze Wroc\u0142awskiej, z\u00a0kt\u00f3r\u0105 by\u0142 zwi\u0105zany do 2013\u00a0roku. Dysponuje szerokim [&hellip;]"}