{"version":"1.0","provider_name":"Filharmonia Pozna\u0144ska","provider_url":"https:\/\/filharmoniapoznanska.pl\/en\/","author_name":"ozimas","author_url":"https:\/\/filharmoniapoznanska.pl\/en\/author\/ozimas\/","title":"Adam BANASZAK - Filharmonia Pozna\u0144ska","type":"rich","width":600,"height":338,"html":"<blockquote class=\"wp-embedded-content\" data-secret=\"4Zzj3jGvpP\"><a href=\"https:\/\/filharmoniapoznanska.pl\/en\/artists\/adam-banaszak\/\">Adam BANASZAK<\/a><\/blockquote><iframe sandbox=\"allow-scripts\" security=\"restricted\" src=\"https:\/\/filharmoniapoznanska.pl\/en\/artists\/adam-banaszak\/embed\/#?secret=4Zzj3jGvpP\" width=\"600\" height=\"338\" title=\"&#8220;Adam BANASZAK&#8221; &#8212; Filharmonia Pozna\u0144ska\" data-secret=\"4Zzj3jGvpP\" frameborder=\"0\" marginwidth=\"0\" marginheight=\"0\" scrolling=\"no\" class=\"wp-embedded-content\"><\/iframe><script type=\"text\/javascript\">\n\/* <![CDATA[ *\/\n\/*! This file is auto-generated *\/\n!function(d,l){\"use strict\";l.querySelector&&d.addEventListener&&\"undefined\"!=typeof URL&&(d.wp=d.wp||{},d.wp.receiveEmbedMessage||(d.wp.receiveEmbedMessage=function(e){var t=e.data;if((t||t.secret||t.message||t.value)&&!\/[^a-zA-Z0-9]\/.test(t.secret)){for(var s,r,n,a=l.querySelectorAll('iframe[data-secret=\"'+t.secret+'\"]'),o=l.querySelectorAll('blockquote[data-secret=\"'+t.secret+'\"]'),c=new RegExp(\"^https?:$\",\"i\"),i=0;i<o.length;i++)o[i].style.display=\"none\";for(i=0;i<a.length;i++)s=a[i],e.source===s.contentWindow&&(s.removeAttribute(\"style\"),\"height\"===t.message?(1e3<(r=parseInt(t.value,10))?r=1e3:~~r<200&&(r=200),s.height=r):\"link\"===t.message&&(r=new URL(s.getAttribute(\"src\")),n=new URL(t.value),c.test(n.protocol))&&n.host===r.host&&l.activeElement===s&&(d.top.location.href=t.value))}},d.addEventListener(\"message\",d.wp.receiveEmbedMessage,!1),l.addEventListener(\"DOMContentLoaded\",function(){for(var e,t,s=l.querySelectorAll(\"iframe.wp-embedded-content\"),r=0;r<s.length;r++)(t=(e=s[r]).getAttribute(\"data-secret\"))||(t=Math.random().toString(36).substring(2,12),e.src+=\"#?secret=\"+t,e.setAttribute(\"data-secret\",t)),e.contentWindow.postMessage({message:\"ready\",secret:t},\"*\")},!1)))}(window,document);\n\/* ]]> *\/\n<\/script>\n","thumbnail_url":"https:\/\/filharmoniapoznanska.pl\/wp-content\/uploads\/2019\/02\/banaszak.jpg","thumbnail_width":1024,"thumbnail_height":682,"description":"Adam Banaszak nale\u017cy do grona najaktywniejszych polskich dyrygent\u00f3w m\u0142odego pokolenia. \u00a0Uko\u0144czy\u0142 pozna\u0144sk\u0105 Akademi\u0119 Muzyczn\u0105 w klasie dyrygentury symfoniczno-operowej prof. Marcina Sompoli\u0144skiego, a tak\u017ce bra\u0142 udzia\u0142 w kursach\u00a0 mistrzowskich prowadzonych m. in. przez Bernarda Haitinka (Festiwal w Lucernie). Dyrygowa\u0142 takimi spektaklami jak m.in.: \u00a0Eugeniusz Oniegin Piotra Czajkowskiego, Rycersko\u015b\u0107 wie\u015bniacza Pietro Mascagniego, Pajace \u00a0Ruggera Leoncavalla (Opera Wroc\u0142awska),\u00a0 [&hellip;]"}